{"id":1586,"date":"2021-05-17T12:00:12","date_gmt":"2021-05-17T10:00:12","guid":{"rendered":"https:\/\/www.cercledecultura.org\/aviso-legal\/"},"modified":"2021-05-17T12:13:36","modified_gmt":"2021-05-17T10:13:36","slug":"aviso-legal","status":"publish","type":"page","link":"https:\/\/www.cercledecultura.org\/es\/aviso-legal\/","title":{"rendered":"Aviso legal"},"content":{"rendered":"<div class=\"vce-row-container\"><div class=\"vce-row vce-row--col-gap-30 vce-row-content--top\" data-vce-full-width=\"true\" id=\"el-d8f24340\" data-vce-do-apply=\"all el-d8f24340\"><div class=\"vce-content-background-container\"><\/div><div class=\"vce-row-content\" data-vce-element-content=\"true\"><div class=\"vce-col vce-col--md-auto vce-col--xs-1 vce-col--xs-last vce-col--xs-first vce-col--sm-last vce-col--sm-first vce-col--md-last vce-col--lg-last vce-col--xl-last vce-col--md-first vce-col--lg-first vce-col--xl-first\" id=\"el-82ec72e7\"><div class=\"vce-col-inner\" data-vce-do-apply=\"border margin background  el-82ec72e7\"><div class=\"vce-col-content\" data-vce-element-content=\"true\" data-vce-do-apply=\"padding el-82ec72e7\"><div class=\"vce-google-fonts-heading page-title vce-google-fonts-heading--align-center vce-google-fonts-heading--color-empty--45--5C00FF--FF7200 vce-google-fonts-heading--font-family-Open-Sans\"><div class=\"vce-google-fonts-heading-wrapper\"><div class=\"vce-google-fonts-heading--background vce\" id=\"el-fef6e2b5\" data-vce-do-apply=\"border background  padding margin el-fef6e2b5\"><h1 class=\"vce-google-fonts-heading-inner\" style=\"font-weight: 400;\">Aviso legal<\/h1><\/div><\/div><\/div><\/div><\/div><\/div><\/div><\/div><\/div><div class=\"vce-row-container\"><div class=\"vce-row vce-row--col-gap-30 vce-row-content--top vcv-state--show-resizer\" data-vce-full-width=\"true\" id=\"el-7834f00d\" data-vce-do-apply=\"all el-7834f00d\"><div class=\"vce-content-background-container\"><\/div><div class=\"vce-dividers-wrapper\"><div class=\"vce-container-divider vce-divider-position--top vce-container-divider-new vce-visible-all-only\" data-vce-do-apply=\"divider el-7834f00d\"><div class=\"vce-container-divider-inner\"><svg class=\"vce-divider-svg\" viewBox=\"0 0 500 89\" width=\"100%\" preserveAspectRatio=\"none\"><g fill=\"rgb(237, 237, 237)\"><path d=\"M230,175.83203120000002 C129.788636,126.3809051 25.1367188,158.5544211 0,194.65820309999998 L0,0 L500,0 L500,140.03283820000001 C474.679688,194.65820309999998 348.710938,234.412109 230,175.83203120000002 Z\"><\/path><\/g><\/svg><\/div><\/div><\/div><div class=\"vce-row-content\" data-vce-element-content=\"true\"><div class=\"vce-col vce-col--md-auto vce-col--xs-1 vce-col--xs-last vce-col--xs-first vce-col--sm-last vce-col--sm-first vce-col--md-last vce-col--lg-last vce-col--xl-last vce-col--md-first vce-col--lg-first vce-col--xl-first\" id=\"el-cfb07a15\"><div class=\"vce-col-inner\" data-vce-do-apply=\"border margin background  el-cfb07a15\"><div class=\"vce-col-content\" data-vce-element-content=\"true\" data-vce-do-apply=\"padding el-cfb07a15\"><div class=\"vce-text-block\"><div class=\"vce-text-block-wrapper vce\" id=\"el-91e22913\" data-vce-do-apply=\"all el-91e22913\"><p><strong>Condiciones generales de acceso<\/strong><\/p><p>Datos identificativos de la entidad gestora de la p\u00e1gina web. La Asociaci\u00f3n C\u00edrculo de Cultura 2010 (en adelante el \"C\u00edrculo de Cultura\") tiene su domicilio social en la calle Provenza, n\u00famero 298, 08008, Barcelona. Est\u00e1 inscrito en el Registro de Asociaciones de la Direcci\u00f3n General de Derecho y de Entidades Jur\u00eddicas del Departamento de Justicia de la Generalidad de Catalu\u00f1a, con el n\u00famero 44.322-J \/ 1 y su NIF es G65448540. Correo electr\u00f3nico: <a href=\"mailto:secretaria@cercledecultura.org\">secretaria@cercledecultura.org<\/a><\/p><p>1. Acceso y uso de la p\u00e1gina web<\/p><p>1.1. Acceso a la p\u00e1gina web<\/p><p>Estas condiciones generales de acceso y uso regulan el acceso y utilizaci\u00f3n de esta p\u00e1gina web, que el C\u00edrculo de Cultura pone a disposici\u00f3n de los usuarios de Internet (en adelante, la P\u00e1gina \"web\"), y que tiene por objeto facilitar al usuario informaci\u00f3n relativa al C\u00edrculo de Cultura, las conferencias y reuniones organizadas por sus socios, as\u00ed como informaci\u00f3n respecto de todos aquellos aspectos de trascendencia para la econom\u00eda y la sociedad.<br>El acceso a la p\u00e1gina web comporta la aceptaci\u00f3n de estas condiciones generales de acceso y uso, por lo que le pedimos que las lea atentamente antes de hacer uso. Si no acepta estas condiciones, le pedimos que se abstenga de utilizar la p\u00e1gina web y su contenido.<br>Asimismo, el C\u00edrculo de Cultura informa a los usuarios de esta p\u00e1gina web que estas condiciones generales de acceso y uso podr\u00e1n ser adaptadas o modificadas en cualquier momento sin notificaci\u00f3n previa. En consecuencia, el usuario deber\u00e1 leer y aceptar estas condiciones generales de acceso y uso en cada una de las ocasiones en que desee utilizar la p\u00e1gina web.<\/p><p>1.2. Utilizaci\u00f3n de la p\u00e1gina web<\/p><p>El usuario se compromete a hacer un uso diligente de la p\u00e1gina web y de la informaci\u00f3n que \u00e9sta contiene, con total sujeci\u00f3n tanto a la normativa aplicable como estas condiciones generales de acceso y uso.<\/p><p>2. R\u00e9gimen de responsabilidad<\/p><p>2.1. Funcionamiento de la p\u00e1gina web<\/p><p>El C\u00edrculo de Cultura realiza sus mejores esfuerzos para mantener la P\u00e1gina Web en buen funcionamiento, evitando errores o, en su caso, repar\u00e1ndolos, y manteniendo los contenidos de la P\u00e1gina Web debidamente actualizados. Sin embargo, el C\u00edrculo de Cultura no garantiza la disponibilidad y continuidad en el acceso a la P\u00e1gina Web ni la inexistencia de errores en sus contenidos, como tampoco que estos \u00faltimos sean oportunamente actualizados.<\/p><p>2.2. Modificaciones en la informaci\u00f3n de la p\u00e1gina web<\/p><p>El C\u00edrculo de Cultura se reserva la facultad de efectuar, en cualquier momento y sin necesidad de previo aviso, modificaciones, supresiones o actualizaciones sobre la informaci\u00f3n contenida en la p\u00e1gina web, su configuraci\u00f3n o presentaci\u00f3n.<\/p><p>2.3. Uso de la informaci\u00f3n contenida en la p\u00e1gina web<\/p><p>Tanto el acceso a la p\u00e1gina web, como el uso que pueda hacerse de cualquier informaci\u00f3n o solicitud que \u00e9sta contenga, se realizan bajo la responsabilidad exclusiva del usuario. El C\u00edrculo de Cultura no se responsabiliza de cualquier da\u00f1o o perjuicio que pudieran derivarse, directa o indirectamente, del acceso o uso de la informaci\u00f3n contenida en la p\u00e1gina web, y especialmente, de aquella informaci\u00f3n relativa a terceros distintos del C\u00edrculo de Cultura. En concreto, en relaci\u00f3n con la informaci\u00f3n contenida en la p\u00e1gina web relativa a reuniones y conferencias organizadas por el C\u00edrculo de Cultura, el C\u00edrculo de Cultura deja expresa constancia que las opiniones manifestadas por los participantes son estrictamente suyas y que en ning\u00fan caso reflejan la opini\u00f3n del C\u00edrculo de Cultura. Adicionalmente, el C\u00edrculo de Cultura no se hace responsable de ning\u00fan da\u00f1o o perjuicio en el software o hardware del usuario que se derive del acceso a la p\u00e1gina web.<\/p><p>3. Responsabilidad del usuario<\/p><p>El usuario es consciente, y acepta voluntariamente, que el uso de la P\u00e1gina Web tiene lugar, en todo caso, bajo su \u00fanica y exclusiva responsabilidad.<br>El usuario responder\u00e1 de los da\u00f1os y perjuicios de toda naturaleza que el C\u00edrculo de Cultura pueda sufrir como consecuencia del incumplimiento de cualquiera de las obligaciones a las que queda sometido en virtud de estas condiciones generales de acceso y uso, o de la legislaci\u00f3n aplicable en relaci\u00f3n con la utilizaci\u00f3n de la p\u00e1gina web.<\/p><p>4. Pol\u00edtica en materia de enlaces de hipertexto (links)<\/p><p>El C\u00edrculo de Cultura no asume ninguna responsabilidad derivada de la conexi\u00f3n o contenidos de los enlaces de hipertexto a terceros sitios web, ni su existencia implica que el C\u00edrculo de Cultura avale, promocione, garantice o recomiende los sitios web enlazados.<br>Asimismo, aquellos terceros que tengan intenci\u00f3n de incluir en su p\u00e1gina web un enlace de hipertexto que dirija a la P\u00e1gina Web deber\u00e1n obtener necesariamente el consentimiento previo, expreso y por escrito del C\u00edrculo de Cultura.<\/p><p>5. Protecci\u00f3n de datos personales<\/p><p>5.1. Responsable del tratamiento de sus datos personales<\/p><p>Responsable del tratamiento de sus datos personales<br>Responsable: C\u00cdRCULO DE CULTURA<br>CIF: G08484735<br>Direcci\u00f3n: C\/ Provenza, 298, 08008 Barcelona<br>E-mail: <a href=\"mailto:secretaria@cercledecultura.org\">secretaria@cercledecultura.org<\/a><\/p><p>5.2. Finalidad del tratamiento de sus datos personales<\/p><p>Sus datos personales ser\u00e1n tratados con la finalidad de dar respuesta a las consultas que nos planteen a trav\u00e9s del apartado \"contacto\" del sitio web del C\u00cdRCULO DE CULTURA, as\u00ed como para gestionar cualquier otra petici\u00f3n que nos hagan a trav\u00e9s de nuestro sitio web.<\/p><p>5.3. Legitimaci\u00f3n para el tratamiento de sus datos personales<\/p><p>La base legal para el tratamiento de sus datos es el consentimiento del interesado.<\/p><p>5.4 Tiempo de conservaci\u00f3n de sus datos personales<\/p><p>Los datos proporcionados se conservar\u00e1n mientras el interesado no solicite la supresi\u00f3n de la informaci\u00f3n o durante los a\u00f1os necesarios para cumplir con las obligaciones legales.<\/p><p>5.5 Otros destinatarios a los que podr\u00e1n comunicarse sus datos personales<\/p><p>Los datos personales del usuario ser\u00e1n puestos a disposici\u00f3n del prestador de servicios inform\u00e1ticos que gestiona nuestra plataforma, incluyendo el sistema de \"computaci\u00f3n en la nube\" y la eventual subcontrataci\u00f3n en terceros proveedores. Los proveedores subcontratados cumplir\u00e1n en todo momento con las condiciones establecidas en el RGPD, incluidas las relativas a las transferencias internacionales de datos fuera de la UE.<\/p><p>No se prev\u00e9n otras comunicaciones de datos, a menos que sean necesarias para dar cumplimiento a una obligaci\u00f3n legal.<\/p><p>5.6 Derechos del usuario de acuerdo con el RGPD<\/p><p>Los usuarios tendr\u00e1n derecho a acceder a sus datos personales, as\u00ed como a solicitar la rectificaci\u00f3n de los datos inexactos o, en su caso, solicitar su supresi\u00f3n cuando, entre otros motivos, los datos ya no sean necesarios para los fines que fueron recogidas.<\/p><p>En determinadas circunstancias, los usuarios podr\u00e1n solicitar la limitaci\u00f3n del tratamiento de sus datos, en este caso \u00fanicamente los conservaremos para el ejercicio o la defensa de reclamaciones.<\/p><p>Por motivos relacionados con su situaci\u00f3n particular, los usuarios podr\u00e1n oponerse al tratamiento de sus datos. C\u00cdRCULO DE CULTURA dejar\u00e1 de tratar los datos, excepto por motivos leg\u00edtimos imperiosos, para el ejercicio o la defensa de posibles reclamaciones.<\/p><p>En virtud del derecho a la portabilidad, los usuarios tienen derecho a obtener los datos personales que les incumben en un formato estructurado de uso com\u00fan y lectura mec\u00e1nica y transmitirlos a otro responsable.<\/p><p>5.7 Modo de ejercer los derechos RGPD<\/p><p>Mediante un escrito, adjuntando fotocopia del DNI o documento identificativo equivalente, dirigido a C\u00cdRCULO DE CULTURA, C\/ Provenza, 298, 08008 Barcelona.<\/p><p>5.8 Reclamaci\u00f3n ante la AEPD<\/p><p>Si considera que sus derechos no se han atendido debidamente, tiene derecho a presentar una reclamaci\u00f3n ante la Agencia Espa\u00f1ola de Protecci\u00f3n de Datos.<\/p><p>6. Propiedad Industrial e Intelectual<\/p><p>Todos los derechos de propiedad intelectual, contenidos, dise\u00f1o, bases de datos y c\u00f3digos que contiene la p\u00e1gina web son titularidad del C\u00edrculo de Cultura o de alguno de sus socios, a los que corresponde, a menos que se indique una titularidad diferente en cada caso, el ejercicio exclusivo de los derechos de explotaci\u00f3n. La reproducci\u00f3n, distribuci\u00f3n, comercializaci\u00f3n o transformaci\u00f3n no autorizadas de estas obras, a menos que se realice para uso personal y privado, constituye una infracci\u00f3n de los derechos de propiedad intelectual del C\u00edrculo de Cultura.<br>La utilizaci\u00f3n no autorizada de los contenidos de esta p\u00e1gina web, as\u00ed como los perjuicios ocasionados en los derechos de propiedad intelectual e industrial del C\u00edrculo de Cultura, pueden dar lugar al ejercicio de las acciones que legalmente le correspondan, ya las responsabilidades que, si es posible, se deriven. En consecuencia, en caso de querer obtener cualquier autorizaci\u00f3n, deber\u00e1 solicitarla a la siguiente direcci\u00f3n de correo electr\u00f3nico: <a href=\"mailto:secretaria@cercledecultura.org\">secretaria@cercledecultura.org<\/a><\/p><p>7. Legislaci\u00f3n aplicable y jurisdicci\u00f3n<\/p><p>El acceso y utilizaci\u00f3n de la p\u00e1gina web se regir\u00e1 e interpretar\u00e1 de conformidad con la legislaci\u00f3n espa\u00f1ola.<br>Cualquier controversia que pueda surgir entre el C\u00edrculo de Cultura y los usuarios que accedan a la p\u00e1gina web ser\u00e1 dirimida, con renuncia expresa de las partes a su propio foro, por los Juzgados y Tribunales de la ciudad de Barcelona (Espa\u00f1a).<\/p><\/div><\/div><\/div><\/div><\/div><\/div><\/div><\/div>\n","protected":false},"excerpt":{"rendered":"<p>Aviso legalCondiciones generales de accesoDatos identificativos de la entidad gestora de la p\u00e1gina web. La Asociaci\u00f3n C\u00edrculo de Cultura 2010 (en adelante el \u00abC\u00edrculo de Cultura\u00bb) tiene su domicilio social en la calle Provenza, n\u00famero 298, 08008, Barcelona. Est\u00e1 inscrito en el Registro de Asociaciones de la Direcci\u00f3n General de Derecho y de Entidades Jur\u00eddicas [&hellip;]<\/p>\n","protected":false},"author":0,"featured_media":0,"parent":0,"menu_order":0,"comment_status":"closed","ping_status":"closed","template":"","meta":{"footnotes":""},"class_list":["post-1586","page","type-page","status-publish","hentry"],"yoast_head":"<!-- This site is optimized with the Yoast SEO plugin v27.5 - https:\/\/yoast.com\/product\/yoast-seo-wordpress\/ -->\n<title>Aviso legal - Cercle de Cultura<\/title>\n<meta name=\"robots\" content=\"index, follow, max-snippet:-1, max-image-preview:large, max-video-preview:-1\" \/>\n<link rel=\"canonical\" href=\"https:\/\/www.cercledecultura.org\/es\/aviso-legal\/\" \/>\n<meta property=\"og:locale\" content=\"es_ES\" \/>\n<meta property=\"og:type\" content=\"article\" \/>\n<meta property=\"og:title\" content=\"Aviso legal - Cercle de Cultura\" \/>\n<meta property=\"og:description\" content=\"Aviso legalCondiciones generales de accesoDatos identificativos de la entidad gestora de la p\u00e1gina web. La Asociaci\u00f3n C\u00edrculo de Cultura 2010 (en adelante el &quot;C\u00edrculo de Cultura&quot;) tiene su domicilio social en la calle Provenza, n\u00famero 298, 08008, Barcelona. Est\u00e1 inscrito en el Registro de Asociaciones de la Direcci\u00f3n General de Derecho y de Entidades Jur\u00eddicas [&hellip;]\" \/>\n<meta property=\"og:url\" content=\"https:\/\/www.cercledecultura.org\/es\/aviso-legal\/\" \/>\n<meta property=\"og:site_name\" content=\"Cercle de Cultura\" \/>\n<meta property=\"article:modified_time\" content=\"2021-05-17T10:13:36+00:00\" \/>\n<meta name=\"twitter:card\" content=\"summary_large_image\" \/>\n<meta name=\"twitter:label1\" content=\"Tiempo de lectura\" \/>\n\t<meta name=\"twitter:data1\" content=\"8 minutos\" \/>\n<script type=\"application\/ld+json\" class=\"yoast-schema-graph\">{\"@context\":\"https:\\\/\\\/schema.org\",\"@graph\":[{\"@type\":\"WebPage\",\"@id\":\"https:\\\/\\\/www.cercledecultura.org\\\/es\\\/aviso-legal\\\/\",\"url\":\"https:\\\/\\\/www.cercledecultura.org\\\/es\\\/aviso-legal\\\/\",\"name\":\"Aviso legal - Cercle de Cultura\",\"isPartOf\":{\"@id\":\"https:\\\/\\\/www.cercledecultura.org\\\/es\\\/#website\"},\"datePublished\":\"2021-05-17T10:00:12+00:00\",\"dateModified\":\"2021-05-17T10:13:36+00:00\",\"breadcrumb\":{\"@id\":\"https:\\\/\\\/www.cercledecultura.org\\\/es\\\/aviso-legal\\\/#breadcrumb\"},\"inLanguage\":\"es\",\"potentialAction\":[{\"@type\":\"ReadAction\",\"target\":[\"https:\\\/\\\/www.cercledecultura.org\\\/es\\\/aviso-legal\\\/\"]}]},{\"@type\":\"BreadcrumbList\",\"@id\":\"https:\\\/\\\/www.cercledecultura.org\\\/es\\\/aviso-legal\\\/#breadcrumb\",\"itemListElement\":[{\"@type\":\"ListItem\",\"position\":1,\"name\":\"Portada\",\"item\":\"https:\\\/\\\/www.cercledecultura.org\\\/es\\\/\"},{\"@type\":\"ListItem\",\"position\":2,\"name\":\"Aviso legal\"}]},{\"@type\":\"WebSite\",\"@id\":\"https:\\\/\\\/www.cercledecultura.org\\\/es\\\/#website\",\"url\":\"https:\\\/\\\/www.cercledecultura.org\\\/es\\\/\",\"name\":\"Cercle de Cultura\",\"description\":\"Entitat de car\u00e0cter privat i associatiu, independent, amb voluntat de participar en la vida p\u00fablica des de la pluralitat ideol\u00f2gica dels seus membres fundadors i futurs associats\",\"publisher\":{\"@id\":\"https:\\\/\\\/www.cercledecultura.org\\\/es\\\/#organization\"},\"potentialAction\":[{\"@type\":\"SearchAction\",\"target\":{\"@type\":\"EntryPoint\",\"urlTemplate\":\"https:\\\/\\\/www.cercledecultura.org\\\/es\\\/?s={search_term_string}\"},\"query-input\":{\"@type\":\"PropertyValueSpecification\",\"valueRequired\":true,\"valueName\":\"search_term_string\"}}],\"inLanguage\":\"es\"},{\"@type\":\"Organization\",\"@id\":\"https:\\\/\\\/www.cercledecultura.org\\\/es\\\/#organization\",\"name\":\"Cercle de Cultura\",\"url\":\"https:\\\/\\\/www.cercledecultura.org\\\/es\\\/\",\"logo\":{\"@type\":\"ImageObject\",\"inLanguage\":\"es\",\"@id\":\"https:\\\/\\\/www.cercledecultura.org\\\/es\\\/#\\\/schema\\\/logo\\\/image\\\/\",\"url\":\"https:\\\/\\\/www.cercledecultura.org\\\/wp-content\\\/uploads\\\/2020\\\/01\\\/logo-cercle-de-cultura.png\",\"contentUrl\":\"https:\\\/\\\/www.cercledecultura.org\\\/wp-content\\\/uploads\\\/2020\\\/01\\\/logo-cercle-de-cultura.png\",\"width\":350,\"height\":195,\"caption\":\"Cercle de Cultura\"},\"image\":{\"@id\":\"https:\\\/\\\/www.cercledecultura.org\\\/es\\\/#\\\/schema\\\/logo\\\/image\\\/\"}}]}<\/script>\n<!-- \/ Yoast SEO plugin. -->","yoast_head_json":{"title":"Aviso legal - Cercle de Cultura","robots":{"index":"index","follow":"follow","max-snippet":"max-snippet:-1","max-image-preview":"max-image-preview:large","max-video-preview":"max-video-preview:-1"},"canonical":"https:\/\/www.cercledecultura.org\/es\/aviso-legal\/","og_locale":"es_ES","og_type":"article","og_title":"Aviso legal - Cercle de Cultura","og_description":"Aviso legalCondiciones generales de accesoDatos identificativos de la entidad gestora de la p\u00e1gina web. La Asociaci\u00f3n C\u00edrculo de Cultura 2010 (en adelante el \"C\u00edrculo de Cultura\") tiene su domicilio social en la calle Provenza, n\u00famero 298, 08008, Barcelona. Est\u00e1 inscrito en el Registro de Asociaciones de la Direcci\u00f3n General de Derecho y de Entidades Jur\u00eddicas [&hellip;]","og_url":"https:\/\/www.cercledecultura.org\/es\/aviso-legal\/","og_site_name":"Cercle de Cultura","article_modified_time":"2021-05-17T10:13:36+00:00","twitter_card":"summary_large_image","twitter_misc":{"Tiempo de lectura":"8 minutos"},"schema":{"@context":"https:\/\/schema.org","@graph":[{"@type":"WebPage","@id":"https:\/\/www.cercledecultura.org\/es\/aviso-legal\/","url":"https:\/\/www.cercledecultura.org\/es\/aviso-legal\/","name":"Aviso legal - Cercle de Cultura","isPartOf":{"@id":"https:\/\/www.cercledecultura.org\/es\/#website"},"datePublished":"2021-05-17T10:00:12+00:00","dateModified":"2021-05-17T10:13:36+00:00","breadcrumb":{"@id":"https:\/\/www.cercledecultura.org\/es\/aviso-legal\/#breadcrumb"},"inLanguage":"es","potentialAction":[{"@type":"ReadAction","target":["https:\/\/www.cercledecultura.org\/es\/aviso-legal\/"]}]},{"@type":"BreadcrumbList","@id":"https:\/\/www.cercledecultura.org\/es\/aviso-legal\/#breadcrumb","itemListElement":[{"@type":"ListItem","position":1,"name":"Portada","item":"https:\/\/www.cercledecultura.org\/es\/"},{"@type":"ListItem","position":2,"name":"Aviso legal"}]},{"@type":"WebSite","@id":"https:\/\/www.cercledecultura.org\/es\/#website","url":"https:\/\/www.cercledecultura.org\/es\/","name":"Cercle de Cultura","description":"Entitat de car\u00e0cter privat i associatiu, independent, amb voluntat de participar en la vida p\u00fablica des de la pluralitat ideol\u00f2gica dels seus membres fundadors i futurs associats","publisher":{"@id":"https:\/\/www.cercledecultura.org\/es\/#organization"},"potentialAction":[{"@type":"SearchAction","target":{"@type":"EntryPoint","urlTemplate":"https:\/\/www.cercledecultura.org\/es\/?s={search_term_string}"},"query-input":{"@type":"PropertyValueSpecification","valueRequired":true,"valueName":"search_term_string"}}],"inLanguage":"es"},{"@type":"Organization","@id":"https:\/\/www.cercledecultura.org\/es\/#organization","name":"Cercle de Cultura","url":"https:\/\/www.cercledecultura.org\/es\/","logo":{"@type":"ImageObject","inLanguage":"es","@id":"https:\/\/www.cercledecultura.org\/es\/#\/schema\/logo\/image\/","url":"https:\/\/www.cercledecultura.org\/wp-content\/uploads\/2020\/01\/logo-cercle-de-cultura.png","contentUrl":"https:\/\/www.cercledecultura.org\/wp-content\/uploads\/2020\/01\/logo-cercle-de-cultura.png","width":350,"height":195,"caption":"Cercle de Cultura"},"image":{"@id":"https:\/\/www.cercledecultura.org\/es\/#\/schema\/logo\/image\/"}}]}},"_links":{"self":[{"href":"https:\/\/www.cercledecultura.org\/es\/wp-json\/wp\/v2\/pages\/1586","targetHints":{"allow":["GET"]}}],"collection":[{"href":"https:\/\/www.cercledecultura.org\/es\/wp-json\/wp\/v2\/pages"}],"about":[{"href":"https:\/\/www.cercledecultura.org\/es\/wp-json\/wp\/v2\/types\/page"}],"replies":[{"embeddable":true,"href":"https:\/\/www.cercledecultura.org\/es\/wp-json\/wp\/v2\/comments?post=1586"}],"version-history":[{"count":6,"href":"https:\/\/www.cercledecultura.org\/es\/wp-json\/wp\/v2\/pages\/1586\/revisions"}],"predecessor-version":[{"id":1597,"href":"https:\/\/www.cercledecultura.org\/es\/wp-json\/wp\/v2\/pages\/1586\/revisions\/1597"}],"wp:attachment":[{"href":"https:\/\/www.cercledecultura.org\/es\/wp-json\/wp\/v2\/media?parent=1586"}],"curies":[{"name":"wp","href":"https:\/\/api.w.org\/{rel}","templated":true}]}}