{"id":1563,"date":"2021-05-17T11:36:41","date_gmt":"2021-05-17T09:36:41","guid":{"rendered":"https:\/\/www.cercledecultura.org\/actividades\/"},"modified":"2021-05-17T11:46:50","modified_gmt":"2021-05-17T09:46:50","slug":"actividades","status":"publish","type":"page","link":"https:\/\/www.cercledecultura.org\/es\/actividades\/","title":{"rendered":"Actividades"},"content":{"rendered":"<div class=\"vce-row-container\" data-vce-boxed-width=\"true\"><div class=\"vce-row vce-row--col-gap-30 vce-row-content--top\" id=\"el-6c4a03b3\" data-vce-do-apply=\"all el-6c4a03b3\"><div class=\"vce-row-content\" data-vce-element-content=\"true\"><div class=\"vce-col vce-col--md-auto vce-col--xs-1 vce-col--xs-last vce-col--xs-first vce-col--sm-last vce-col--sm-first vce-col--md-last vce-col--lg-last vce-col--xl-last vce-col--md-first vce-col--lg-first vce-col--xl-first\" id=\"el-99978f69\"><div class=\"vce-col-inner\" data-vce-do-apply=\"border margin background  el-99978f69\"><div class=\"vce-col-content\" data-vce-element-content=\"true\" data-vce-do-apply=\"padding el-99978f69\"><div class=\"vce-google-fonts-heading page-title vce-google-fonts-heading--align-center vce-google-fonts-heading--color-empty--45--5C00FF--FF7200 vce-google-fonts-heading--font-family-Open-Sans\"><div class=\"vce-google-fonts-heading-wrapper\"><div class=\"vce-google-fonts-heading--background vce\" id=\"el-d3ee5e98\" data-vce-do-apply=\"border background  padding margin el-d3ee5e98\"><h1 class=\"vce-google-fonts-heading-inner\" style=\"font-weight: 400;\">Actividades<\/h1><\/div><\/div><\/div><\/div><\/div><\/div><\/div><\/div><\/div><div class=\"vce-row-container\"><div class=\"vce-row vce-row--col-gap-30 vce-row-content--top\" data-vce-full-width=\"true\" data-vce-stretch-content=\"true\" id=\"el-f0cdb908\" data-vce-do-apply=\"all el-f0cdb908\"><div class=\"vce-content-background-container\"><\/div><div class=\"vce-dividers-wrapper\"><div class=\"vce-container-divider vce-divider-position--top vce-container-divider-new vce-visible-all-only\" data-vce-do-apply=\"divider el-f0cdb908\"><div class=\"vce-container-divider-inner\"><svg class=\"vce-divider-svg\" viewBox=\"0 0 500 89\" width=\"100%\" preserveAspectRatio=\"none\"><g fill=\"rgb(237, 237, 237)\"><path d=\"M230,175.83203120000002 C129.788636,126.3809051 25.1367188,158.5544211 0,194.65820309999998 L0,0 L500,0 L500,140.03283820000001 C474.679688,194.65820309999998 348.710938,234.412109 230,175.83203120000002 Z\"><\/path><\/g><\/svg><\/div><\/div><\/div><div class=\"vce-row-content\" data-vce-element-content=\"true\"><div class=\"vce-col vce-col--md-auto vce-col--xs-1 vce-col--xs-last vce-col--xs-first vce-col--sm-last vce-col--sm-first vce-col--md-last vce-col--lg-last vce-col--xl-last vce-col--md-first vce-col--lg-first vce-col--xl-first\" id=\"el-045f725e\"><div class=\"vce-col-inner\" data-vce-do-apply=\"border margin background  el-045f725e\"><div class=\"vce-col-content\" data-vce-element-content=\"true\" data-vce-do-apply=\"padding el-045f725e\"><div class=\"vce-posts-grid-container vce-news-grid-container activities\"><div class=\"vce vce-posts-grid-wrapper vce-news-grid-wrapper vce-posts-grid--gap-10 vce-posts-grid--columns-3 vce-posts-grid-pagination--color-b-29-100-197--b-27-157-209\" id=\"el-266d9254\" data-vce-do-apply=\"all el-266d9254\"><div class=\"vce-posts-grid-list\"><div class=\"vce-posts-grid-item\"><article class=\"vce-posts-grid-item-inner\"><div class=\"vce-post-description vce-post-description--title-color-b-27-157-203 vce-post-description--excerpt-color-4e4e4e vce-post-description--author-color-b-84-168-208 vce-post-description--meta-color-d7dfe4\"><div class=\"vce-post-description--image\" style=\"background-image:url(https:\/\/www.cercledecultura.org\/wp-content\/uploads\/2026\/03\/Collage-acte-15-abril-CC-1.jpg)\"><a href=\"https:\/\/www.cercledecultura.org\/es\/cultura-y-salud-una-alianza-transformadora\/\"><\/a><\/div><div class=\"vce-post-description--content\"><h3 class=\"vce-post-description--title\"><a href=\"https:\/\/www.cercledecultura.org\/es\/cultura-y-salud-una-alianza-transformadora\/\">Cultura y salud, una alianza transformadora<\/a><\/h3><div class=\"vce-post-description--excerpt\"><p>El 2019 la Organizaci\u00f3n Mundial de la Salud (OMS) publicaba un informe analizando m\u00e1s de 900 publicaciones cient\u00edficas de todo el mundo en las que se pon\u00eda de manifiesto el rol de la cultura y las artes en la salud y el bienestar. En este mismo informe, se recomendaba incluir el arte y la cultura&hellip;<\/p>\n<\/div>\n<a href=\"https:\/\/www.cercledecultura.org\/es\/cultura-y-salud-una-alianza-transformadora\/\" class=\"vce-post-link\"><div class=\"vce-button--style-outline-container vce-button--style-outline-container--align-center\"><span class=\"vce-button--style-outline-wrapper vce\" id=\"el-76d5d311\" data-vce-do-apply=\"margin el-76d5d311\"><button class=\"vce-button--style-outline-animated vce-button--style-outline--border-square vce-button--style-outline--size-small vce-button--style-outline-animated--color-b-27-157-203--fff--3d3d3d vce-button--style-outline-animated--border-color-b-27-157-203--3d3d3d vce-button--style-outline-animated--background-color-b-27-157-203\" data-vce-do-apply=\"padding border background  el-76d5d311\"><span class=\"vce-button--style-outline-text\">Leer m\u00e1s<\/span><\/button><\/span><\/div><\/a><\/div><\/div><\/article><\/div><div class=\"vce-posts-grid-item\"><article class=\"vce-posts-grid-item-inner\"><div class=\"vce-post-description vce-post-description--title-color-b-27-157-203 vce-post-description--excerpt-color-4e4e4e vce-post-description--author-color-b-84-168-208 vce-post-description--meta-color-d7dfe4\"><div class=\"vce-post-description--image\" style=\"background-image:url(https:\/\/www.cercledecultura.org\/wp-content\/uploads\/2026\/02\/Collage-acte-25-marc-CC.jpg)\"><a href=\"https:\/\/www.cercledecultura.org\/es\/mesa-redonda-publicos-y-algoritmos\/\"><\/a><\/div><div class=\"vce-post-description--content\"><h3 class=\"vce-post-description--title\"><a href=\"https:\/\/www.cercledecultura.org\/es\/mesa-redonda-publicos-y-algoritmos\/\">Mesa redonda \"P\u00fablicos y algoritmos\"<\/a><\/h3><div class=\"vce-post-description--excerpt\"><p>El mi\u00e9rcoles 25 de marzo, desde el Cercle de Cultura se organiza la mesa redonda \u201cP\u00fablicos y algoritmos\u201d, un encuentro para reflexionar sobre los sistemas de recomendaci\u00f3n algor\u00edtmica y su impacto en la configuraci\u00f3n de los p\u00fablicos culturales. &nbsp; El acto se organiza a prop\u00f3sito de la publicaci\u00f3n del libro P\u00fablicos y algoritmos. Estrategias de&hellip;<\/p>\n<\/div>\n<a href=\"https:\/\/www.cercledecultura.org\/es\/mesa-redonda-publicos-y-algoritmos\/\" class=\"vce-post-link\"><div class=\"vce-button--style-outline-container vce-button--style-outline-container--align-center\"><span class=\"vce-button--style-outline-wrapper vce\" id=\"el-76d5d311\" data-vce-do-apply=\"margin el-76d5d311\"><button class=\"vce-button--style-outline-animated vce-button--style-outline--border-square vce-button--style-outline--size-small vce-button--style-outline-animated--color-b-27-157-203--fff--3d3d3d vce-button--style-outline-animated--border-color-b-27-157-203--3d3d3d vce-button--style-outline-animated--background-color-b-27-157-203\" data-vce-do-apply=\"padding border background  el-76d5d311\"><span class=\"vce-button--style-outline-text\">Leer m\u00e1s<\/span><\/button><\/span><\/div><\/a><\/div><\/div><\/article><\/div><div class=\"vce-posts-grid-item\"><article class=\"vce-posts-grid-item-inner\"><div class=\"vce-post-description vce-post-description--title-color-b-27-157-203 vce-post-description--excerpt-color-4e4e4e vce-post-description--author-color-b-84-168-208 vce-post-description--meta-color-d7dfe4\"><div class=\"vce-post-description--image\" style=\"background-image:url(https:\/\/www.cercledecultura.org\/wp-content\/uploads\/2025\/12\/Collage-web-acte-29-gener-CC.jpg)\"><a href=\"https:\/\/www.cercledecultura.org\/es\/mesa-redonda-humanisme-tecnologic\/\"><\/a><\/div><div class=\"vce-post-description--content\"><h3 class=\"vce-post-description--title\"><a href=\"https:\/\/www.cercledecultura.org\/es\/mesa-redonda-humanisme-tecnologic\/\">Mesa redonda \"Humanisme tecnol\u00f2gic?<\/a><\/h3><div class=\"vce-post-description--excerpt\"><p>\u00bfQu\u00e9 significa la disrupci\u00f3n tecnol\u00f3gica? &nbsp; La disrupci\u00f3n, esta palabra tan de moda, se produce cuando una tecnolog\u00eda cambia las reglas del juego de un mercado o de un sector, de la vida de las personas o de una sociedad entera. &nbsp; \u00bfC\u00f3mo ser\u00e1 la tecnolog\u00eda del futuro? \u00bfEs la tecnolog\u00eda digital el \u201cBig bang\u201d&hellip;<\/p>\n<\/div>\n<a href=\"https:\/\/www.cercledecultura.org\/es\/mesa-redonda-humanisme-tecnologic\/\" class=\"vce-post-link\"><div class=\"vce-button--style-outline-container vce-button--style-outline-container--align-center\"><span class=\"vce-button--style-outline-wrapper vce\" id=\"el-76d5d311\" data-vce-do-apply=\"margin el-76d5d311\"><button class=\"vce-button--style-outline-animated vce-button--style-outline--border-square vce-button--style-outline--size-small vce-button--style-outline-animated--color-b-27-157-203--fff--3d3d3d vce-button--style-outline-animated--border-color-b-27-157-203--3d3d3d vce-button--style-outline-animated--background-color-b-27-157-203\" data-vce-do-apply=\"padding border background  el-76d5d311\"><span class=\"vce-button--style-outline-text\">Leer m\u00e1s<\/span><\/button><\/span><\/div><\/a><\/div><\/div><\/article><\/div><div class=\"vce-posts-grid-item\"><article class=\"vce-posts-grid-item-inner\"><div class=\"vce-post-description vce-post-description--title-color-b-27-157-203 vce-post-description--excerpt-color-4e4e4e vce-post-description--author-color-b-84-168-208 vce-post-description--meta-color-d7dfe4\"><div class=\"vce-post-description--image\" style=\"background-image:url(https:\/\/www.cercledecultura.org\/wp-content\/uploads\/2025\/11\/Collage-xarxes-acte-10-desembre-CC.jpg)\"><a href=\"https:\/\/www.cercledecultura.org\/es\/3317\/\"><\/a><\/div><div class=\"vce-post-description--content\"><h3 class=\"vce-post-description--title\"><a href=\"https:\/\/www.cercledecultura.org\/es\/3317\/\">Ministerio de Cultura: balance y perspectiva de dos a\u00f1os<\/a><\/h3><div class=\"vce-post-description--excerpt\"><p>El mi\u00e9rcoles, 10 de diciembre, desde el Cercle de Cultura tuvo lugar el acto \u201cMinisterio de Cultura: balance y perspectiva de dos a\u00f1os\u201d, una conversaci\u00f3n con Jordi Mart\u00ed Grau, secretario de Estado de Cultura. &nbsp; El secretario de Estado de Cultura revis\u00f3 las l\u00edneas program\u00e1ticas del Ministerio de Cultura despu\u00e9s de dos a\u00f1os, tratando elementos&hellip;<\/p>\n<\/div>\n<a href=\"https:\/\/www.cercledecultura.org\/es\/3317\/\" class=\"vce-post-link\"><div class=\"vce-button--style-outline-container vce-button--style-outline-container--align-center\"><span class=\"vce-button--style-outline-wrapper vce\" id=\"el-76d5d311\" data-vce-do-apply=\"margin el-76d5d311\"><button class=\"vce-button--style-outline-animated vce-button--style-outline--border-square vce-button--style-outline--size-small vce-button--style-outline-animated--color-b-27-157-203--fff--3d3d3d vce-button--style-outline-animated--border-color-b-27-157-203--3d3d3d vce-button--style-outline-animated--background-color-b-27-157-203\" data-vce-do-apply=\"padding border background  el-76d5d311\"><span class=\"vce-button--style-outline-text\">Leer m\u00e1s<\/span><\/button><\/span><\/div><\/a><\/div><\/div><\/article><\/div><div class=\"vce-posts-grid-item\"><article class=\"vce-posts-grid-item-inner\"><div class=\"vce-post-description vce-post-description--title-color-b-27-157-203 vce-post-description--excerpt-color-4e4e4e vce-post-description--author-color-b-84-168-208 vce-post-description--meta-color-d7dfe4\"><div class=\"vce-post-description--image\" style=\"background-image:url(https:\/\/www.cercledecultura.org\/wp-content\/uploads\/2025\/10\/Collage-xarxes-acte-20-novembre-CC-v2-2.jpg)\"><a href=\"https:\/\/www.cercledecultura.org\/es\/3297\/\"><\/a><\/div><div class=\"vce-post-description--content\"><h3 class=\"vce-post-description--title\"><a href=\"https:\/\/www.cercledecultura.org\/es\/3297\/\">La Cultura vista desde la Econom\u00eda, y la Econom\u00eda vista desde la Cultura<\/a><\/h3><div class=\"vce-post-description--excerpt\"><p>El jueves 20 de noviembre a las 19:30, tuvo lugar la conversaci\u00f3n con la consellera de Economia i Finances, H. Sra. Al\u00edcia Romero Llano y la consellera de Cultura, H. Sra. S\u00f2nia Hern\u00e1ndez Almod\u00f3var. En este di\u00e1logo con la consellera de Cultura y la consellera de Economia i Finances, conducido por Guillem L\u00f3pez Casasnovas, Catedr\u00e0tic&hellip;<\/p>\n<\/div>\n<a href=\"https:\/\/www.cercledecultura.org\/es\/3297\/\" class=\"vce-post-link\"><div class=\"vce-button--style-outline-container vce-button--style-outline-container--align-center\"><span class=\"vce-button--style-outline-wrapper vce\" id=\"el-76d5d311\" data-vce-do-apply=\"margin el-76d5d311\"><button class=\"vce-button--style-outline-animated vce-button--style-outline--border-square vce-button--style-outline--size-small vce-button--style-outline-animated--color-b-27-157-203--fff--3d3d3d vce-button--style-outline-animated--border-color-b-27-157-203--3d3d3d vce-button--style-outline-animated--background-color-b-27-157-203\" data-vce-do-apply=\"padding border background  el-76d5d311\"><span class=\"vce-button--style-outline-text\">Leer m\u00e1s<\/span><\/button><\/span><\/div><\/a><\/div><\/div><\/article><\/div><div class=\"vce-posts-grid-item\"><article class=\"vce-posts-grid-item-inner\"><div class=\"vce-post-description vce-post-description--title-color-b-27-157-203 vce-post-description--excerpt-color-4e4e4e vce-post-description--author-color-b-84-168-208 vce-post-description--meta-color-d7dfe4\"><div class=\"vce-post-description--image\" style=\"background-image:url(https:\/\/www.cercledecultura.org\/wp-content\/uploads\/2025\/09\/Collage-acte-21-octubre-CC-1.jpg)\"><a href=\"https:\/\/www.cercledecultura.org\/es\/el-papel-de-la-cultura-en-la-consolidacion-de-la-democracia-en-espana\/\"><\/a><\/div><div class=\"vce-post-description--content\"><h3 class=\"vce-post-description--title\"><a href=\"https:\/\/www.cercledecultura.org\/es\/el-papel-de-la-cultura-en-la-consolidacion-de-la-democracia-en-espana\/\">El papel de la cultura en la consolidaci\u00f3n de la democracia en Espa\u00f1a<\/a><\/h3><div class=\"vce-post-description--excerpt\"><p>El martes, 21 de octubre, desde el Cercle de Cultura os invitamos al acto \u201cEl papel de la cultura en la consolidaci\u00f3n de la democracia en Espa\u00f1a\u201d, un encuentro para reflexionar sobre la relaci\u00f3n entre cultura y democracia. &nbsp; Conduci\u00f3 el acto el periodista cultural Sergio Vila-Sanju\u00e1n. Su ensayo Cultura espa\u00f1ola en democracia. Una cr\u00f3nica&hellip;<\/p>\n<\/div>\n<a href=\"https:\/\/www.cercledecultura.org\/es\/el-papel-de-la-cultura-en-la-consolidacion-de-la-democracia-en-espana\/\" class=\"vce-post-link\"><div class=\"vce-button--style-outline-container vce-button--style-outline-container--align-center\"><span class=\"vce-button--style-outline-wrapper vce\" id=\"el-76d5d311\" data-vce-do-apply=\"margin el-76d5d311\"><button class=\"vce-button--style-outline-animated vce-button--style-outline--border-square vce-button--style-outline--size-small vce-button--style-outline-animated--color-b-27-157-203--fff--3d3d3d vce-button--style-outline-animated--border-color-b-27-157-203--3d3d3d vce-button--style-outline-animated--background-color-b-27-157-203\" data-vce-do-apply=\"padding border background  el-76d5d311\"><span class=\"vce-button--style-outline-text\">Leer m\u00e1s<\/span><\/button><\/span><\/div><\/a><\/div><\/div><\/article><\/div><div class=\"vce-posts-grid-item\"><article class=\"vce-posts-grid-item-inner\"><div class=\"vce-post-description vce-post-description--title-color-b-27-157-203 vce-post-description--excerpt-color-4e4e4e vce-post-description--author-color-b-84-168-208 vce-post-description--meta-color-d7dfe4\"><div class=\"vce-post-description--image\" style=\"background-image:url(https:\/\/www.cercledecultura.org\/wp-content\/uploads\/2025\/06\/Twitter-Linkedin-Cercle-de-Cultura-Collage-de-Ponents-1.jpg)\"><a href=\"https:\/\/www.cercledecultura.org\/es\/la-internacionalizacion-de-la-cultura-catalana-conversacion-con-pere-almeda-director-del-institut-ramon-llull\/\"><\/a><\/div><div class=\"vce-post-description--content\"><h3 class=\"vce-post-description--title\"><a href=\"https:\/\/www.cercledecultura.org\/es\/la-internacionalizacion-de-la-cultura-catalana-conversacion-con-pere-almeda-director-del-institut-ramon-llull\/\">La internacionalizaci\u00f3n de la cultura catalana. Conversaci\u00f3n con Pere Almeda, director del Institut Ramon Llull<\/a><\/h3><div class=\"vce-post-description--excerpt\"><p>El mi\u00e9rcoles, 2 de julio, desde el Cercle de Cultura os invitamos al acto \u201cLa internacionalizaci\u00f3n de la cultura catalana\u201d, una conversaci\u00f3n con Pere Almeda, director del Institut Ramon Llull. &nbsp; Despu\u00e9s de presentar las principales l\u00edneas del nuevo plan estrat\u00e9gico del Institut Ramon Llull, Pere Almeda tiene una conversaci\u00f3n sobre los retos y prioridades&hellip;<\/p>\n<\/div>\n<a href=\"https:\/\/www.cercledecultura.org\/es\/la-internacionalizacion-de-la-cultura-catalana-conversacion-con-pere-almeda-director-del-institut-ramon-llull\/\" class=\"vce-post-link\"><div class=\"vce-button--style-outline-container vce-button--style-outline-container--align-center\"><span class=\"vce-button--style-outline-wrapper vce\" id=\"el-76d5d311\" data-vce-do-apply=\"margin el-76d5d311\"><button class=\"vce-button--style-outline-animated vce-button--style-outline--border-square vce-button--style-outline--size-small vce-button--style-outline-animated--color-b-27-157-203--fff--3d3d3d vce-button--style-outline-animated--border-color-b-27-157-203--3d3d3d vce-button--style-outline-animated--background-color-b-27-157-203\" data-vce-do-apply=\"padding border background  el-76d5d311\"><span class=\"vce-button--style-outline-text\">Leer m\u00e1s<\/span><\/button><\/span><\/div><\/a><\/div><\/div><\/article><\/div><div class=\"vce-posts-grid-item\"><article class=\"vce-posts-grid-item-inner\"><div class=\"vce-post-description vce-post-description--title-color-b-27-157-203 vce-post-description--excerpt-color-4e4e4e vce-post-description--author-color-b-84-168-208 vce-post-description--meta-color-d7dfe4\"><div class=\"vce-post-description--image\" style=\"background-image:url(https:\/\/www.cercledecultura.org\/wp-content\/uploads\/2025\/04\/FACEBOOK-Reptes-i-prioritats-de-la-Direccio-General-de-Patrimoni-conversa-amb-Joaquim-Borras-director-general-de-Patrimoni-e1746001459444.png)\"><a href=\"https:\/\/www.cercledecultura.org\/es\/retos-y-prioridades-de-la-direccio-general-de-patrimoni-departament-de-cultura-generalitat-de-catalunya\/\"><\/a><\/div><div class=\"vce-post-description--content\"><h3 class=\"vce-post-description--title\"><a href=\"https:\/\/www.cercledecultura.org\/es\/retos-y-prioridades-de-la-direccio-general-de-patrimoni-departament-de-cultura-generalitat-de-catalunya\/\">Retos y prioridades de la Direcci\u00f3 General del Patrimoni Cultural de la Generalitat: charla con el director, Joaquim Borr\u00e0s G\u00f3mez<\/a><\/h3><div class=\"vce-post-description--excerpt\"><p>El Cercle de Cultura y la Asociaci\u00f3 de Professionals de la Museologia de Catalunya (AMC) os invitamos a la conversaci\u00f3n con el director general de Patrimonio, Joaquim Borr\u00e0s G\u00f3mez, con el t\u00edtulo \u201cRetos y prioridades de la Direcci\u00f3 General del Patrimoni Cultural de la Generalitat: charla con el director, Joaquim Borr\u00e0s G\u00f3mez\u201d. &nbsp; El director&hellip;<\/p>\n<\/div>\n<a href=\"https:\/\/www.cercledecultura.org\/es\/retos-y-prioridades-de-la-direccio-general-de-patrimoni-departament-de-cultura-generalitat-de-catalunya\/\" class=\"vce-post-link\"><div class=\"vce-button--style-outline-container vce-button--style-outline-container--align-center\"><span class=\"vce-button--style-outline-wrapper vce\" id=\"el-76d5d311\" data-vce-do-apply=\"margin el-76d5d311\"><button class=\"vce-button--style-outline-animated vce-button--style-outline--border-square vce-button--style-outline--size-small vce-button--style-outline-animated--color-b-27-157-203--fff--3d3d3d vce-button--style-outline-animated--border-color-b-27-157-203--3d3d3d vce-button--style-outline-animated--background-color-b-27-157-203\" data-vce-do-apply=\"padding border background  el-76d5d311\"><span class=\"vce-button--style-outline-text\">Leer m\u00e1s<\/span><\/button><\/span><\/div><\/a><\/div><\/div><\/article><\/div><div class=\"vce-posts-grid-item\"><article class=\"vce-posts-grid-item-inner\"><div class=\"vce-post-description vce-post-description--title-color-b-27-157-203 vce-post-description--excerpt-color-4e4e4e vce-post-description--author-color-b-84-168-208 vce-post-description--meta-color-d7dfe4\"><div class=\"vce-post-description--image\" style=\"background-image:url(https:\/\/www.cercledecultura.org\/wp-content\/uploads\/2025\/03\/Estatut-de-lArtista-1.jpg)\"><a href=\"https:\/\/www.cercledecultura.org\/es\/estatuto-del-artista-mejoras-conseguidas-y-deficiencias-por-resolver\/\"><\/a><\/div><div class=\"vce-post-description--content\"><h3 class=\"vce-post-description--title\"><a href=\"https:\/\/www.cercledecultura.org\/es\/estatuto-del-artista-mejoras-conseguidas-y-deficiencias-por-resolver\/\">Estatuto del Artista: mejoras conseguidas y deficiencias por resolver<\/a><\/h3><div class=\"vce-post-description--excerpt\"><p>El mi\u00e9rcoles 26 de marzo, desde el Cercle de Cultura os invitamos a la sesi\u00f3n informativa \u201cEstatuto del Artista: mejoras conseguidas y deficiencias por resolver\u201d. La sesi\u00f3n pretende, de manera \u00e1gil a trav\u00e9s de dos abogados especialistas en el sector de la cultura, radiografiar las mejoras conseguidas a ra\u00edz del Estatuto del Artista, teniendo en&hellip;<\/p>\n<\/div>\n<a href=\"https:\/\/www.cercledecultura.org\/es\/estatuto-del-artista-mejoras-conseguidas-y-deficiencias-por-resolver\/\" class=\"vce-post-link\"><div class=\"vce-button--style-outline-container vce-button--style-outline-container--align-center\"><span class=\"vce-button--style-outline-wrapper vce\" id=\"el-76d5d311\" data-vce-do-apply=\"margin el-76d5d311\"><button class=\"vce-button--style-outline-animated vce-button--style-outline--border-square vce-button--style-outline--size-small vce-button--style-outline-animated--color-b-27-157-203--fff--3d3d3d vce-button--style-outline-animated--border-color-b-27-157-203--3d3d3d vce-button--style-outline-animated--background-color-b-27-157-203\" data-vce-do-apply=\"padding border background  el-76d5d311\"><span class=\"vce-button--style-outline-text\">Leer m\u00e1s<\/span><\/button><\/span><\/div><\/a><\/div><\/div><\/article><\/div><\/div><div class=\"vce-posts-grid-pagination\">\n    <a href=\"\/es\/wp-json\/wp\/v2\/pages\/1563?vcv-pagination-266d9254=1\" class=\"vce-posts-grid-pagination-item vce-state--active\" title=\"Page 1\">1<\/a><a href=\"\/es\/wp-json\/wp\/v2\/pages\/1563?vcv-pagination-266d9254=2\" class=\"vce-posts-grid-pagination-item\" title=\"Page 2\">2<\/a><a href=\"\/es\/wp-json\/wp\/v2\/pages\/1563?vcv-pagination-266d9254=3\" class=\"vce-posts-grid-pagination-item\" title=\"Page 3\">3<\/a><a href=\"\/es\/wp-json\/wp\/v2\/pages\/1563?vcv-pagination-266d9254=4\" class=\"vce-posts-grid-pagination-item\" title=\"Page 4\">4<\/a><\/div>\n<\/div><\/div><\/div><\/div><\/div><\/div><\/div><\/div>\n","protected":false},"excerpt":{"rendered":"<p>Actividades<\/p>\n","protected":false},"author":0,"featured_media":0,"parent":0,"menu_order":0,"comment_status":"closed","ping_status":"closed","template":"","meta":{"footnotes":""},"class_list":["post-1563","page","type-page","status-publish","hentry"],"yoast_head":"<!-- This site is optimized with the Yoast SEO plugin v27.5 - https:\/\/yoast.com\/product\/yoast-seo-wordpress\/ -->\n<title>Actividades - Cercle de Cultura<\/title>\n<meta name=\"robots\" content=\"index, follow, max-snippet:-1, max-image-preview:large, max-video-preview:-1\" \/>\n<link rel=\"canonical\" href=\"https:\/\/www.cercledecultura.org\/es\/actividades\/\" \/>\n<meta property=\"og:locale\" content=\"es_ES\" \/>\n<meta property=\"og:type\" content=\"article\" \/>\n<meta property=\"og:title\" content=\"Actividades - Cercle de Cultura\" \/>\n<meta property=\"og:description\" content=\"Actividades\" \/>\n<meta property=\"og:url\" content=\"https:\/\/www.cercledecultura.org\/es\/actividades\/\" \/>\n<meta property=\"og:site_name\" content=\"Cercle de Cultura\" \/>\n<meta property=\"article:modified_time\" content=\"2021-05-17T09:46:50+00:00\" \/>\n<meta name=\"twitter:card\" content=\"summary_large_image\" \/>\n<meta name=\"twitter:label1\" content=\"Tiempo de lectura\" \/>\n\t<meta name=\"twitter:data1\" content=\"2 minutos\" \/>\n<script type=\"application\/ld+json\" class=\"yoast-schema-graph\">{\"@context\":\"https:\\\/\\\/schema.org\",\"@graph\":[{\"@type\":\"WebPage\",\"@id\":\"https:\\\/\\\/www.cercledecultura.org\\\/es\\\/actividades\\\/\",\"url\":\"https:\\\/\\\/www.cercledecultura.org\\\/es\\\/actividades\\\/\",\"name\":\"Actividades - Cercle de Cultura\",\"isPartOf\":{\"@id\":\"https:\\\/\\\/www.cercledecultura.org\\\/es\\\/#website\"},\"datePublished\":\"2021-05-17T09:36:41+00:00\",\"dateModified\":\"2021-05-17T09:46:50+00:00\",\"breadcrumb\":{\"@id\":\"https:\\\/\\\/www.cercledecultura.org\\\/es\\\/actividades\\\/#breadcrumb\"},\"inLanguage\":\"es\",\"potentialAction\":[{\"@type\":\"ReadAction\",\"target\":[\"https:\\\/\\\/www.cercledecultura.org\\\/es\\\/actividades\\\/\"]}]},{\"@type\":\"BreadcrumbList\",\"@id\":\"https:\\\/\\\/www.cercledecultura.org\\\/es\\\/actividades\\\/#breadcrumb\",\"itemListElement\":[{\"@type\":\"ListItem\",\"position\":1,\"name\":\"Portada\",\"item\":\"https:\\\/\\\/www.cercledecultura.org\\\/es\\\/\"},{\"@type\":\"ListItem\",\"position\":2,\"name\":\"Actividades\"}]},{\"@type\":\"WebSite\",\"@id\":\"https:\\\/\\\/www.cercledecultura.org\\\/es\\\/#website\",\"url\":\"https:\\\/\\\/www.cercledecultura.org\\\/es\\\/\",\"name\":\"Cercle de Cultura\",\"description\":\"Entitat de car\u00e0cter privat i associatiu, independent, amb voluntat de participar en la vida p\u00fablica des de la pluralitat ideol\u00f2gica dels seus membres fundadors i futurs associats\",\"publisher\":{\"@id\":\"https:\\\/\\\/www.cercledecultura.org\\\/es\\\/#organization\"},\"potentialAction\":[{\"@type\":\"SearchAction\",\"target\":{\"@type\":\"EntryPoint\",\"urlTemplate\":\"https:\\\/\\\/www.cercledecultura.org\\\/es\\\/?s={search_term_string}\"},\"query-input\":{\"@type\":\"PropertyValueSpecification\",\"valueRequired\":true,\"valueName\":\"search_term_string\"}}],\"inLanguage\":\"es\"},{\"@type\":\"Organization\",\"@id\":\"https:\\\/\\\/www.cercledecultura.org\\\/es\\\/#organization\",\"name\":\"Cercle de Cultura\",\"url\":\"https:\\\/\\\/www.cercledecultura.org\\\/es\\\/\",\"logo\":{\"@type\":\"ImageObject\",\"inLanguage\":\"es\",\"@id\":\"https:\\\/\\\/www.cercledecultura.org\\\/es\\\/#\\\/schema\\\/logo\\\/image\\\/\",\"url\":\"https:\\\/\\\/www.cercledecultura.org\\\/wp-content\\\/uploads\\\/2020\\\/01\\\/logo-cercle-de-cultura.png\",\"contentUrl\":\"https:\\\/\\\/www.cercledecultura.org\\\/wp-content\\\/uploads\\\/2020\\\/01\\\/logo-cercle-de-cultura.png\",\"width\":350,\"height\":195,\"caption\":\"Cercle de Cultura\"},\"image\":{\"@id\":\"https:\\\/\\\/www.cercledecultura.org\\\/es\\\/#\\\/schema\\\/logo\\\/image\\\/\"}}]}<\/script>\n<!-- \/ Yoast SEO plugin. -->","yoast_head_json":{"title":"Actividades - Cercle de Cultura","robots":{"index":"index","follow":"follow","max-snippet":"max-snippet:-1","max-image-preview":"max-image-preview:large","max-video-preview":"max-video-preview:-1"},"canonical":"https:\/\/www.cercledecultura.org\/es\/actividades\/","og_locale":"es_ES","og_type":"article","og_title":"Actividades - Cercle de Cultura","og_description":"Actividades","og_url":"https:\/\/www.cercledecultura.org\/es\/actividades\/","og_site_name":"Cercle de Cultura","article_modified_time":"2021-05-17T09:46:50+00:00","twitter_card":"summary_large_image","twitter_misc":{"Tiempo de lectura":"2 minutos"},"schema":{"@context":"https:\/\/schema.org","@graph":[{"@type":"WebPage","@id":"https:\/\/www.cercledecultura.org\/es\/actividades\/","url":"https:\/\/www.cercledecultura.org\/es\/actividades\/","name":"Actividades - Cercle de Cultura","isPartOf":{"@id":"https:\/\/www.cercledecultura.org\/es\/#website"},"datePublished":"2021-05-17T09:36:41+00:00","dateModified":"2021-05-17T09:46:50+00:00","breadcrumb":{"@id":"https:\/\/www.cercledecultura.org\/es\/actividades\/#breadcrumb"},"inLanguage":"es","potentialAction":[{"@type":"ReadAction","target":["https:\/\/www.cercledecultura.org\/es\/actividades\/"]}]},{"@type":"BreadcrumbList","@id":"https:\/\/www.cercledecultura.org\/es\/actividades\/#breadcrumb","itemListElement":[{"@type":"ListItem","position":1,"name":"Portada","item":"https:\/\/www.cercledecultura.org\/es\/"},{"@type":"ListItem","position":2,"name":"Actividades"}]},{"@type":"WebSite","@id":"https:\/\/www.cercledecultura.org\/es\/#website","url":"https:\/\/www.cercledecultura.org\/es\/","name":"Cercle de Cultura","description":"Entitat de car\u00e0cter privat i associatiu, independent, amb voluntat de participar en la vida p\u00fablica des de la pluralitat ideol\u00f2gica dels seus membres fundadors i futurs associats","publisher":{"@id":"https:\/\/www.cercledecultura.org\/es\/#organization"},"potentialAction":[{"@type":"SearchAction","target":{"@type":"EntryPoint","urlTemplate":"https:\/\/www.cercledecultura.org\/es\/?s={search_term_string}"},"query-input":{"@type":"PropertyValueSpecification","valueRequired":true,"valueName":"search_term_string"}}],"inLanguage":"es"},{"@type":"Organization","@id":"https:\/\/www.cercledecultura.org\/es\/#organization","name":"Cercle de Cultura","url":"https:\/\/www.cercledecultura.org\/es\/","logo":{"@type":"ImageObject","inLanguage":"es","@id":"https:\/\/www.cercledecultura.org\/es\/#\/schema\/logo\/image\/","url":"https:\/\/www.cercledecultura.org\/wp-content\/uploads\/2020\/01\/logo-cercle-de-cultura.png","contentUrl":"https:\/\/www.cercledecultura.org\/wp-content\/uploads\/2020\/01\/logo-cercle-de-cultura.png","width":350,"height":195,"caption":"Cercle de Cultura"},"image":{"@id":"https:\/\/www.cercledecultura.org\/es\/#\/schema\/logo\/image\/"}}]}},"_links":{"self":[{"href":"https:\/\/www.cercledecultura.org\/es\/wp-json\/wp\/v2\/pages\/1563","targetHints":{"allow":["GET"]}}],"collection":[{"href":"https:\/\/www.cercledecultura.org\/es\/wp-json\/wp\/v2\/pages"}],"about":[{"href":"https:\/\/www.cercledecultura.org\/es\/wp-json\/wp\/v2\/types\/page"}],"replies":[{"embeddable":true,"href":"https:\/\/www.cercledecultura.org\/es\/wp-json\/wp\/v2\/comments?post=1563"}],"version-history":[{"count":4,"href":"https:\/\/www.cercledecultura.org\/es\/wp-json\/wp\/v2\/pages\/1563\/revisions"}],"predecessor-version":[{"id":1567,"href":"https:\/\/www.cercledecultura.org\/es\/wp-json\/wp\/v2\/pages\/1563\/revisions\/1567"}],"wp:attachment":[{"href":"https:\/\/www.cercledecultura.org\/es\/wp-json\/wp\/v2\/media?parent=1563"}],"curies":[{"name":"wp","href":"https:\/\/api.w.org\/{rel}","templated":true}]}}