{"id":1542,"date":"2021-05-17T09:05:52","date_gmt":"2021-05-17T07:05:52","guid":{"rendered":"https:\/\/www.cercledecultura.org\/objetivos\/"},"modified":"2021-05-18T09:08:18","modified_gmt":"2021-05-18T07:08:18","slug":"objetivos","status":"publish","type":"page","link":"https:\/\/www.cercledecultura.org\/es\/objetivos\/","title":{"rendered":"Objetivos"},"content":{"rendered":"<div class=\"vce-row-container\" data-vce-boxed-width=\"true\"><div class=\"vce-row vce-row--col-gap-30 vce-row-content--top\" id=\"el-4aa58d3e\" data-vce-do-apply=\"all el-4aa58d3e\"><div class=\"vce-row-content\" data-vce-element-content=\"true\"><div class=\"vce-col vce-col--md-auto vce-col--xs-1 vce-col--xs-last vce-col--xs-first vce-col--sm-last vce-col--sm-first vce-col--md-last vce-col--lg-last vce-col--xl-last vce-col--md-first vce-col--lg-first vce-col--xl-first\" id=\"el-60a42741\"><div class=\"vce-col-inner\" data-vce-do-apply=\"border margin background  el-60a42741\"><div class=\"vce-col-content\" data-vce-element-content=\"true\" data-vce-do-apply=\"padding el-60a42741\"><div class=\"vce-google-fonts-heading page-title vce-google-fonts-heading--align-center vce-google-fonts-heading--color-empty--45--5C00FF--FF7200 vce-google-fonts-heading--font-family-Open-Sans\"><div class=\"vce-google-fonts-heading-wrapper\"><div class=\"vce-google-fonts-heading--background vce\" id=\"el-1ae8f9dd\" data-vce-do-apply=\"border background  padding margin el-1ae8f9dd\"><h1 class=\"vce-google-fonts-heading-inner\" style=\"font-weight: 400;\">Objetivos<\/h1><\/div><\/div><\/div><\/div><\/div><\/div><\/div><\/div><\/div><div class=\"vce-row-container\"><div class=\"vce-row vce-row--col-gap-0 vce-row-full-height vce-row-columns--top vce-row-content--top vcv-state--show-resizer\" data-vce-full-width=\"true\" id=\"el-3324b4da\" data-vce-do-apply=\"all el-3324b4da\"><div class=\"vce-content-background-container\"><\/div><div class=\"vce-dividers-wrapper\"><div class=\"vce-container-divider vce-divider-position--top vce-container-divider-new vce-visible-xl-only\" data-vce-do-apply=\"divider el-3324b4da\"><div class=\"vce-container-divider-inner\"><svg class=\"vce-divider-svg\" viewBox=\"0 0 500 89\" width=\"100%\" preserveAspectRatio=\"none\"><g fill=\"rgb(237, 237, 237)\"><path d=\"M230,175.83203120000002 C129.788636,126.3809051 25.1367188,158.5544211 0,194.65820309999998 L0,0 L500,0 L500,140.03283820000001 C474.679688,194.65820309999998 348.710938,234.412109 230,175.83203120000002 Z\"><\/path><\/g><\/svg><\/div><\/div><div class=\"vce-container-divider vce-divider-position--top vce-container-divider-new vce-visible-lg-only\" data-vce-do-apply=\"divider el-3324b4da\"><div class=\"vce-container-divider-inner\"><svg class=\"vce-divider-svg\" viewBox=\"0 0 500 89\" width=\"100%\" preserveAspectRatio=\"none\"><g fill=\"rgb(237, 237, 237)\"><path d=\"M230,175.83203120000002 C129.788636,126.3809051 25.1367188,158.5544211 0,194.65820309999998 L0,0 L500,0 L500,140.03283820000001 C474.679688,194.65820309999998 348.710938,234.412109 230,175.83203120000002 Z\"><\/path><\/g><\/svg><\/div><\/div><div class=\"vce-container-divider vce-divider-position--top vce-container-divider-new vce-visible-md-only\" data-vce-do-apply=\"divider el-3324b4da\"><div class=\"vce-container-divider-inner\"><svg class=\"vce-divider-svg\" viewBox=\"0 0 500 89\" width=\"100%\" preserveAspectRatio=\"none\"><g fill=\"rgb(237, 237, 237)\"><path d=\"M230,175.83203120000002 C129.788636,126.3809051 25.1367188,158.5544211 0,194.65820309999998 L0,0 L500,0 L500,140.03283820000001 C474.679688,194.65820309999998 348.710938,234.412109 230,175.83203120000002 Z\"><\/path><\/g><\/svg><\/div><\/div><div class=\"vce-container-divider vce-divider-position--top vce-container-divider-new vce-visible-sm-only\" data-vce-do-apply=\"divider el-3324b4da\"><div class=\"vce-container-divider-inner\"><svg class=\"vce-divider-svg\" viewBox=\"0 0 500 89\" width=\"100%\" preserveAspectRatio=\"none\"><g fill=\"rgb(237, 237, 237)\"><path d=\"M230,175.83203120000002 C129.788636,126.3809051 25.1367188,158.5544211 0,194.65820309999998 L0,0 L500,0 L500,140.03283820000001 C474.679688,194.65820309999998 348.710938,234.412109 230,175.83203120000002 Z\"><\/path><\/g><\/svg><\/div><\/div><div class=\"vce-container-divider vce-divider-position--top vce-container-divider-new vce-visible-xs-only\" data-vce-do-apply=\"divider el-3324b4da\"><div class=\"vce-container-divider-inner\"><svg class=\"vce-divider-svg\" viewBox=\"0 0 500 89\" width=\"100%\" preserveAspectRatio=\"none\"><g fill=\"rgb(237, 237, 237)\"><path d=\"M230,550.8320312 C129.788636,501.3809051 25.1367188,533.5544211 0,569.6582031 L0,0 L500,0 L500,515.0328382 C474.679688,569.6582031 348.710938,609.412109 230,550.8320312 Z\"><\/path><\/g><\/svg><\/div><\/div><\/div><div class=\"vce-row-content\" data-vce-element-content=\"true\"><div class=\"vce-col vce-col--md-auto vce-col--xs-1 vce-col--xs-last vce-col--xs-first vce-col--sm-last vce-col--sm-first vce-col--md-last vce-col--lg-last vce-col--xl-last vce-col--md-first vce-col--lg-first vce-col--xl-first\" id=\"el-ceba482f\"><div class=\"vce-col-inner\" data-vce-do-apply=\"border margin background  el-ceba482f\"><div class=\"vce-col-content\" data-vce-element-content=\"true\" data-vce-do-apply=\"padding el-ceba482f\"><div class=\"vce-text-block\"><div class=\"vce-text-block-wrapper vce\" id=\"el-44a33d5e\" data-vce-do-apply=\"all el-44a33d5e\"><p style=\"text-align: justify;\">El Cercle de Cultura <strong class=\"xs-font-16\">tiene por misi\u00f3n convertirse en un espacio de di\u00e1logo, observaci\u00f3n, evaluaci\u00f3n y prescripci\u00f3n de la cultura catalana<\/strong>, as\u00ed como de encuentro en los \u00e1mbitos hisp\u00e1nico, europeo e internacional.<\/p>\n<p style=\"text-align: justify;\">De esta manera se presta una atenci\u00f3n especial a:<\/p>\n<ul style=\"text-align: justify;\">\n<li>El desarrollo de la cultura en todas sus vertientes: arte, industria, patrimonio, pensamiento, creaci\u00f3n y mercado, as\u00ed como las interrelaciones entre cultura, ense\u00f1anza y ciencia.<\/li>\n<li>Las estrategias de fomento de la cultura, tanto en las iniciativas p\u00fablicas como en la sociedad y el mercado.<\/li>\n<li>El establecimiento de pol\u00edticas culturales avanzadas y consensuadas.<\/li>\n<li>La promoci\u00f3n del debate cultural para situarlo en el centro de la sociedad.<\/li>\n<li>La financiaci\u00f3n de la cultura en sus fuentes: p\u00fablica, de mecenazgo y del mercado.<\/li>\n<li>La asunci\u00f3n por parte de los medios, de su papel mediador, productor y distribuidor de contenidos culturales.<\/li>\n<li>Los sistemas de an\u00e1lisis de la realidad cultural, y de filtrado, y reconocimiento de la calidad.<\/li>\n<li>El aprovechamiento innovador de las nuevas tecnolog\u00edas.<\/li>\n<\/ul>\n<p style=\"text-align: justify;\">Para alcanzar estos objetivos el Cercle de Cultura se vale de las siguientes actuaciones:<\/p>\n<ul>\n<li style=\"text-align: justify;\">El fomento y la realizaci\u00f3n de estudios sobre el papel de la cultura y la situaci\u00f3n y expectativas de los diversos sectores culturales de Catalu\u00f1a.<\/li>\n<li style=\"text-align: justify;\">La organizaci\u00f3n de seminarios, coloquios, cursos y debates que tengan la cultura como objeto central.<\/li>\n<\/ul><\/div><\/div><\/div><\/div><\/div><\/div><\/div><\/div>\n","protected":false},"excerpt":{"rendered":"<p>ObjetivosEl Cercle de Cultura tiene por misi\u00f3n convertirse en un espacio de di\u00e1logo, observaci\u00f3n, evaluaci\u00f3n y prescripci\u00f3n de la cultura catalana, as\u00ed como de encuentro en los \u00e1mbitos hisp\u00e1nico, europeo e internacional. De esta manera se presta una atenci\u00f3n especial a: El desarrollo de la cultura en todas sus vertientes: arte, industria, patrimonio, pensamiento, creaci\u00f3n [&hellip;]<\/p>\n","protected":false},"author":0,"featured_media":0,"parent":0,"menu_order":0,"comment_status":"closed","ping_status":"closed","template":"","meta":{"footnotes":""},"class_list":["post-1542","page","type-page","status-publish","hentry"],"yoast_head":"<!-- This site is optimized with the Yoast SEO plugin v27.5 - https:\/\/yoast.com\/product\/yoast-seo-wordpress\/ -->\n<title>Objetivos - Cercle de Cultura<\/title>\n<meta name=\"robots\" content=\"index, follow, max-snippet:-1, max-image-preview:large, max-video-preview:-1\" \/>\n<link rel=\"canonical\" href=\"https:\/\/www.cercledecultura.org\/es\/objetivos\/\" \/>\n<meta property=\"og:locale\" content=\"es_ES\" \/>\n<meta property=\"og:type\" content=\"article\" \/>\n<meta property=\"og:title\" content=\"Objetivos - Cercle de Cultura\" \/>\n<meta property=\"og:description\" content=\"ObjetivosEl Cercle de Cultura tiene por misi\u00f3n convertirse en un espacio de di\u00e1logo, observaci\u00f3n, evaluaci\u00f3n y prescripci\u00f3n de la cultura catalana, as\u00ed como de encuentro en los \u00e1mbitos hisp\u00e1nico, europeo e internacional. De esta manera se presta una atenci\u00f3n especial a: El desarrollo de la cultura en todas sus vertientes: arte, industria, patrimonio, pensamiento, creaci\u00f3n [&hellip;]\" \/>\n<meta property=\"og:url\" content=\"https:\/\/www.cercledecultura.org\/es\/objetivos\/\" \/>\n<meta property=\"og:site_name\" content=\"Cercle de Cultura\" \/>\n<meta property=\"article:modified_time\" content=\"2021-05-18T07:08:18+00:00\" \/>\n<meta name=\"twitter:card\" content=\"summary_large_image\" \/>\n<meta name=\"twitter:label1\" content=\"Tiempo de lectura\" \/>\n\t<meta name=\"twitter:data1\" content=\"1 minuto\" \/>\n<script type=\"application\/ld+json\" class=\"yoast-schema-graph\">{\"@context\":\"https:\\\/\\\/schema.org\",\"@graph\":[{\"@type\":\"WebPage\",\"@id\":\"https:\\\/\\\/www.cercledecultura.org\\\/es\\\/objetivos\\\/\",\"url\":\"https:\\\/\\\/www.cercledecultura.org\\\/es\\\/objetivos\\\/\",\"name\":\"Objetivos - Cercle de Cultura\",\"isPartOf\":{\"@id\":\"https:\\\/\\\/www.cercledecultura.org\\\/es\\\/#website\"},\"datePublished\":\"2021-05-17T07:05:52+00:00\",\"dateModified\":\"2021-05-18T07:08:18+00:00\",\"breadcrumb\":{\"@id\":\"https:\\\/\\\/www.cercledecultura.org\\\/es\\\/objetivos\\\/#breadcrumb\"},\"inLanguage\":\"es\",\"potentialAction\":[{\"@type\":\"ReadAction\",\"target\":[\"https:\\\/\\\/www.cercledecultura.org\\\/es\\\/objetivos\\\/\"]}]},{\"@type\":\"BreadcrumbList\",\"@id\":\"https:\\\/\\\/www.cercledecultura.org\\\/es\\\/objetivos\\\/#breadcrumb\",\"itemListElement\":[{\"@type\":\"ListItem\",\"position\":1,\"name\":\"Portada\",\"item\":\"https:\\\/\\\/www.cercledecultura.org\\\/es\\\/\"},{\"@type\":\"ListItem\",\"position\":2,\"name\":\"Objetivos\"}]},{\"@type\":\"WebSite\",\"@id\":\"https:\\\/\\\/www.cercledecultura.org\\\/es\\\/#website\",\"url\":\"https:\\\/\\\/www.cercledecultura.org\\\/es\\\/\",\"name\":\"Cercle de Cultura\",\"description\":\"Entitat de car\u00e0cter privat i associatiu, independent, amb voluntat de participar en la vida p\u00fablica des de la pluralitat ideol\u00f2gica dels seus membres fundadors i futurs associats\",\"publisher\":{\"@id\":\"https:\\\/\\\/www.cercledecultura.org\\\/es\\\/#organization\"},\"potentialAction\":[{\"@type\":\"SearchAction\",\"target\":{\"@type\":\"EntryPoint\",\"urlTemplate\":\"https:\\\/\\\/www.cercledecultura.org\\\/es\\\/?s={search_term_string}\"},\"query-input\":{\"@type\":\"PropertyValueSpecification\",\"valueRequired\":true,\"valueName\":\"search_term_string\"}}],\"inLanguage\":\"es\"},{\"@type\":\"Organization\",\"@id\":\"https:\\\/\\\/www.cercledecultura.org\\\/es\\\/#organization\",\"name\":\"Cercle de Cultura\",\"url\":\"https:\\\/\\\/www.cercledecultura.org\\\/es\\\/\",\"logo\":{\"@type\":\"ImageObject\",\"inLanguage\":\"es\",\"@id\":\"https:\\\/\\\/www.cercledecultura.org\\\/es\\\/#\\\/schema\\\/logo\\\/image\\\/\",\"url\":\"https:\\\/\\\/www.cercledecultura.org\\\/wp-content\\\/uploads\\\/2020\\\/01\\\/logo-cercle-de-cultura.png\",\"contentUrl\":\"https:\\\/\\\/www.cercledecultura.org\\\/wp-content\\\/uploads\\\/2020\\\/01\\\/logo-cercle-de-cultura.png\",\"width\":350,\"height\":195,\"caption\":\"Cercle de Cultura\"},\"image\":{\"@id\":\"https:\\\/\\\/www.cercledecultura.org\\\/es\\\/#\\\/schema\\\/logo\\\/image\\\/\"}}]}<\/script>\n<!-- \/ Yoast SEO plugin. -->","yoast_head_json":{"title":"Objetivos - Cercle de Cultura","robots":{"index":"index","follow":"follow","max-snippet":"max-snippet:-1","max-image-preview":"max-image-preview:large","max-video-preview":"max-video-preview:-1"},"canonical":"https:\/\/www.cercledecultura.org\/es\/objetivos\/","og_locale":"es_ES","og_type":"article","og_title":"Objetivos - Cercle de Cultura","og_description":"ObjetivosEl Cercle de Cultura tiene por misi\u00f3n convertirse en un espacio de di\u00e1logo, observaci\u00f3n, evaluaci\u00f3n y prescripci\u00f3n de la cultura catalana, as\u00ed como de encuentro en los \u00e1mbitos hisp\u00e1nico, europeo e internacional. De esta manera se presta una atenci\u00f3n especial a: El desarrollo de la cultura en todas sus vertientes: arte, industria, patrimonio, pensamiento, creaci\u00f3n [&hellip;]","og_url":"https:\/\/www.cercledecultura.org\/es\/objetivos\/","og_site_name":"Cercle de Cultura","article_modified_time":"2021-05-18T07:08:18+00:00","twitter_card":"summary_large_image","twitter_misc":{"Tiempo de lectura":"1 minuto"},"schema":{"@context":"https:\/\/schema.org","@graph":[{"@type":"WebPage","@id":"https:\/\/www.cercledecultura.org\/es\/objetivos\/","url":"https:\/\/www.cercledecultura.org\/es\/objetivos\/","name":"Objetivos - Cercle de Cultura","isPartOf":{"@id":"https:\/\/www.cercledecultura.org\/es\/#website"},"datePublished":"2021-05-17T07:05:52+00:00","dateModified":"2021-05-18T07:08:18+00:00","breadcrumb":{"@id":"https:\/\/www.cercledecultura.org\/es\/objetivos\/#breadcrumb"},"inLanguage":"es","potentialAction":[{"@type":"ReadAction","target":["https:\/\/www.cercledecultura.org\/es\/objetivos\/"]}]},{"@type":"BreadcrumbList","@id":"https:\/\/www.cercledecultura.org\/es\/objetivos\/#breadcrumb","itemListElement":[{"@type":"ListItem","position":1,"name":"Portada","item":"https:\/\/www.cercledecultura.org\/es\/"},{"@type":"ListItem","position":2,"name":"Objetivos"}]},{"@type":"WebSite","@id":"https:\/\/www.cercledecultura.org\/es\/#website","url":"https:\/\/www.cercledecultura.org\/es\/","name":"Cercle de Cultura","description":"Entitat de car\u00e0cter privat i associatiu, independent, amb voluntat de participar en la vida p\u00fablica des de la pluralitat ideol\u00f2gica dels seus membres fundadors i futurs associats","publisher":{"@id":"https:\/\/www.cercledecultura.org\/es\/#organization"},"potentialAction":[{"@type":"SearchAction","target":{"@type":"EntryPoint","urlTemplate":"https:\/\/www.cercledecultura.org\/es\/?s={search_term_string}"},"query-input":{"@type":"PropertyValueSpecification","valueRequired":true,"valueName":"search_term_string"}}],"inLanguage":"es"},{"@type":"Organization","@id":"https:\/\/www.cercledecultura.org\/es\/#organization","name":"Cercle de Cultura","url":"https:\/\/www.cercledecultura.org\/es\/","logo":{"@type":"ImageObject","inLanguage":"es","@id":"https:\/\/www.cercledecultura.org\/es\/#\/schema\/logo\/image\/","url":"https:\/\/www.cercledecultura.org\/wp-content\/uploads\/2020\/01\/logo-cercle-de-cultura.png","contentUrl":"https:\/\/www.cercledecultura.org\/wp-content\/uploads\/2020\/01\/logo-cercle-de-cultura.png","width":350,"height":195,"caption":"Cercle de Cultura"},"image":{"@id":"https:\/\/www.cercledecultura.org\/es\/#\/schema\/logo\/image\/"}}]}},"_links":{"self":[{"href":"https:\/\/www.cercledecultura.org\/es\/wp-json\/wp\/v2\/pages\/1542","targetHints":{"allow":["GET"]}}],"collection":[{"href":"https:\/\/www.cercledecultura.org\/es\/wp-json\/wp\/v2\/pages"}],"about":[{"href":"https:\/\/www.cercledecultura.org\/es\/wp-json\/wp\/v2\/types\/page"}],"replies":[{"embeddable":true,"href":"https:\/\/www.cercledecultura.org\/es\/wp-json\/wp\/v2\/comments?post=1542"}],"version-history":[{"count":3,"href":"https:\/\/www.cercledecultura.org\/es\/wp-json\/wp\/v2\/pages\/1542\/revisions"}],"predecessor-version":[{"id":2316,"href":"https:\/\/www.cercledecultura.org\/es\/wp-json\/wp\/v2\/pages\/1542\/revisions\/2316"}],"wp:attachment":[{"href":"https:\/\/www.cercledecultura.org\/es\/wp-json\/wp\/v2\/media?parent=1542"}],"curies":[{"name":"wp","href":"https:\/\/api.w.org\/{rel}","templated":true}]}}