{"id":2670,"date":"2022-10-27T20:29:47","date_gmt":"2022-10-27T18:29:47","guid":{"rendered":"https:\/\/www.cercledecultura.org\/?page_id=2670"},"modified":"2022-10-27T21:02:33","modified_gmt":"2022-10-27T19:02:33","slug":"entrevistes","status":"publish","type":"page","link":"https:\/\/www.cercledecultura.org\/ca\/entrevistes\/","title":{"rendered":"Entrevistes"},"content":{"rendered":"<div class=\"vce-row-container\" data-vce-boxed-width=\"true\"><div class=\"vce-row vce-row--col-gap-30 vce-row-content--top\" id=\"el-4b662efa\" data-vce-do-apply=\"all el-4b662efa\"><div class=\"vce-row-content\" data-vce-element-content=\"true\"><div class=\"vce-col vce-col--md-auto vce-col--xs-1 vce-col--xs-last vce-col--xs-first vce-col--sm-last vce-col--sm-first vce-col--md-last vce-col--lg-last vce-col--xl-last vce-col--md-first vce-col--lg-first vce-col--xl-first\" id=\"el-214fa0ea\"><div class=\"vce-col-inner\" data-vce-do-apply=\"border margin background  el-214fa0ea\"><div class=\"vce-col-content\" data-vce-element-content=\"true\" data-vce-do-apply=\"padding el-214fa0ea\"><div class=\"vce-google-fonts-heading page-title vce-google-fonts-heading--align-center vce-google-fonts-heading--color-empty--45--5C00FF--FF7200 vce-google-fonts-heading--font-family-Open-Sans\"><div class=\"vce-google-fonts-heading-wrapper\"><div class=\"vce-google-fonts-heading--background vce\" id=\"el-7c07686c\" data-vce-do-apply=\"border background  padding margin el-7c07686c\"><h1 class=\"vce-google-fonts-heading-inner\" style=\"font-weight: 400; font-style: normal;\">Entrevistes<\/h1><\/div><\/div><\/div><\/div><\/div><\/div><\/div><\/div><\/div><div class=\"vce-row-container\"><div class=\"vce-row vce-row--col-gap-30 vce-row-content--top\" data-vce-full-width=\"true\" id=\"el-f6b44f5b\" data-vce-do-apply=\"all el-f6b44f5b\"><div class=\"vce-content-background-container\"><\/div><div class=\"vce-dividers-wrapper\"><div class=\"vce-container-divider vce-divider-position--top vce-container-divider-new vce-visible-all-only\" data-vce-do-apply=\"divider el-f6b44f5b\"><div class=\"vce-container-divider-inner\"><svg class=\"vce-divider-svg\" viewBox=\"0 0 500 89\" width=\"100%\" preserveAspectRatio=\"none\"><g fill=\"rgb(237, 237, 237)\"><path d=\"M230,175.83203120000002 C129.788636,126.3809051 25.1367188,158.5544211 0,194.65820309999998 L0,0 L500,0 L500,140.03283820000001 C474.679688,194.65820309999998 348.710938,234.412109 230,175.83203120000002 Z\"><\/path><\/g><\/svg><\/div><\/div><\/div><div class=\"vce-row-content\" data-vce-element-content=\"true\"><div class=\"vce-col vce-col--md-auto vce-col--xs-1 vce-col--xs-last vce-col--xs-first vce-col--sm-last vce-col--sm-first vce-col--md-last vce-col--lg-last vce-col--xl-last vce-col--md-first vce-col--lg-first vce-col--xl-first\" id=\"el-e9ca2972\"><div class=\"vce-col-inner\" data-vce-do-apply=\"border margin background  el-e9ca2972\"><div class=\"vce-col-content\" data-vce-element-content=\"true\" data-vce-do-apply=\"padding el-e9ca2972\"><div class=\"vce-posts-grid-container vce-side-grid-container interviews\"><div class=\"vce vce-posts-grid-wrapper vce-side-grid-wrapper vce-posts-grid--gap-10 vce-posts-grid--columns-1 vce-posts-grid-pagination--color-b-29-100-197--b-27-157-209\" id=\"el-4c7514d7\" data-vce-do-apply=\"all el-4c7514d7\"><div class=\"vce-posts-grid-list\"><div class=\"vce-posts-grid-item\"><article class=\"vce-posts-grid-item-inner\"><div class=\"vce-post-description vce-post-description--image-alignment-left vce-post-description--title-color-b-27-157-203 vce-post-description--excerpt-color-b-33-33-33 vce-post-description--background-color-empty vce-post-description--author-color-ffce00 vce-post-description--meta-color-b-127-127-127\"><div class=\"vce-post-description--image\" style=\"background-image:url(https:\/\/www.cercledecultura.org\/wp-content\/uploads\/2021\/10\/DzMurzAX0AANPxt.jpg)\"><a href=\"https:\/\/www.cercledecultura.org\/ca\/parlem-amb-el-soci-nuria-sempere\/\" aria-label=\"Parlem amb el soci: N\u00faria Sempere\"><\/a><\/div><div class=\"vce-post-description--content\"><h3 class=\"vce-post-description--title\"><a href=\"https:\/\/www.cercledecultura.org\/ca\/parlem-amb-el-soci-nuria-sempere\/\">Parlem amb el soci: N\u00faria Sempere<\/a><\/h3><div class=\"vce-post-description--excerpt\"><p>Parlem amb N\u00faria Sempere, directora general de l&#8217;ESMUC des de 2019. Sempere ha estat\u00a0directora de l\u2019Escola Municipal de M\u00fasica-Centre de les Arts (EMMCA) de l\u2019Hospitalet de Llobregat,\u00a0professora del Departament de Producci\u00f3 i Gesti\u00f3 de l\u2019ESMUC i membre de la Junta Directiva de l\u2019Associaci\u00f3 Catalana d\u2019Escoles de M\u00fasica (ACEM), de la qual \u00e9s la presidenta fundadora.&hellip;<\/p>\n<\/div>\n<a href=\"https:\/\/www.cercledecultura.org\/ca\/parlem-amb-el-soci-nuria-sempere\/\" class=\"vce-post-link\"><div class=\"vce-button--style-outline-container vce-button--style-outline-container--align-center\"><span class=\"vce-button--style-outline-wrapper vce\" id=\"el-2d4755a3\" data-vce-do-apply=\"margin el-2d4755a3\"><button class=\"vce-button vce-button--style-outline-animated vce-button--style-outline--border-square vce-button--style-outline--size-small vce-button--style-outline-animated--color-b-84-168-208--fff--3d3d3d vce-button--style-outline-animated--border-color-b-84-168-208--3d3d3d vce-button--style-outline-animated--background-color-b-84-168-208\" data-vce-do-apply=\"padding border background  el-2d4755a3\"><span class=\"vce-button--style-outline-text\">Llegir m\u00e9s<\/span><\/button><\/span><\/div><\/a><\/div><\/div><\/article><\/div><div class=\"vce-posts-grid-item\"><article class=\"vce-posts-grid-item-inner\"><div class=\"vce-post-description vce-post-description--image-alignment-left vce-post-description--title-color-b-27-157-203 vce-post-description--excerpt-color-b-33-33-33 vce-post-description--background-color-empty vce-post-description--author-color-ffce00 vce-post-description--meta-color-b-127-127-127\"><div class=\"vce-post-description--image\" style=\"background-image:url(https:\/\/www.cercledecultura.org\/wp-content\/uploads\/2021\/09\/Carme_Fenoll_02-e1631868784102.jpg)\"><a href=\"https:\/\/www.cercledecultura.org\/ca\/entrevista-carme-fenoll\/\" aria-label=\"Parlem amb el soci: Carme Fenoll, vocal de la junta directiva del Cercle de Cultura\"><\/a><\/div><div class=\"vce-post-description--content\"><h3 class=\"vce-post-description--title\"><a href=\"https:\/\/www.cercledecultura.org\/ca\/entrevista-carme-fenoll\/\">Parlem amb el soci: Carme Fenoll, vocal de la junta directiva del Cercle de Cultura<\/a><\/h3><div class=\"vce-post-description--excerpt\"><p>Parlem amb Carme Fenoll i Clarabuch (Palafolls, 1977), bibliotec\u00e0ria i membre de la Junta Directiva de Cercle de Cultura, sobre la seva vinculaci\u00f3 amb el Cercle i el paper de la cultura en el context post-pand\u00e8mia. &nbsp; 1. Quin \u00e9s el teu vincle amb el sector cultural? Soc bibliotec\u00e0ria i actualment dirigeixo l&#8217;\u00c0rea de Cultura&hellip;<\/p>\n<\/div>\n<a href=\"https:\/\/www.cercledecultura.org\/ca\/entrevista-carme-fenoll\/\" class=\"vce-post-link\"><div class=\"vce-button--style-outline-container vce-button--style-outline-container--align-center\"><span class=\"vce-button--style-outline-wrapper vce\" id=\"el-2d4755a3\" data-vce-do-apply=\"margin el-2d4755a3\"><button class=\"vce-button vce-button--style-outline-animated vce-button--style-outline--border-square vce-button--style-outline--size-small vce-button--style-outline-animated--color-b-84-168-208--fff--3d3d3d vce-button--style-outline-animated--border-color-b-84-168-208--3d3d3d vce-button--style-outline-animated--background-color-b-84-168-208\" data-vce-do-apply=\"padding border background  el-2d4755a3\"><span class=\"vce-button--style-outline-text\">Llegir m\u00e9s<\/span><\/button><\/span><\/div><\/a><\/div><\/div><\/article><\/div><\/div><div class=\"vce-posts-grid-pagination\">\n    <\/div>\n<\/div><\/div><\/div><\/div><\/div><\/div><\/div><\/div>\n","protected":false},"excerpt":{"rendered":"<p>Entrevistes<\/p>\n","protected":false},"author":2,"featured_media":0,"parent":0,"menu_order":0,"comment_status":"closed","ping_status":"closed","template":"","meta":{"footnotes":""},"class_list":["post-2670","page","type-page","status-publish","hentry"],"yoast_head":"<!-- This site is optimized with the Yoast SEO plugin v27.5 - https:\/\/yoast.com\/product\/yoast-seo-wordpress\/ -->\n<title>Entrevistes - Cercle de Cultura<\/title>\n<meta name=\"robots\" content=\"index, follow, max-snippet:-1, max-image-preview:large, max-video-preview:-1\" \/>\n<link rel=\"canonical\" href=\"https:\/\/www.cercledecultura.org\/ca\/entrevistes\/\" \/>\n<meta property=\"og:locale\" content=\"ca_ES\" \/>\n<meta property=\"og:type\" content=\"article\" \/>\n<meta property=\"og:title\" content=\"Entrevistes - Cercle de Cultura\" \/>\n<meta property=\"og:description\" content=\"Entrevistes\" \/>\n<meta property=\"og:url\" content=\"https:\/\/www.cercledecultura.org\/ca\/entrevistes\/\" \/>\n<meta property=\"og:site_name\" content=\"Cercle de Cultura\" \/>\n<meta property=\"article:modified_time\" content=\"2022-10-27T19:02:33+00:00\" \/>\n<meta name=\"twitter:card\" content=\"summary_large_image\" \/>\n<meta name=\"twitter:label1\" content=\"Temps estimat de lectura\" \/>\n\t<meta name=\"twitter:data1\" content=\"1 minut\" \/>\n<script type=\"application\/ld+json\" class=\"yoast-schema-graph\">{\"@context\":\"https:\\\/\\\/schema.org\",\"@graph\":[{\"@type\":\"WebPage\",\"@id\":\"https:\\\/\\\/www.cercledecultura.org\\\/ca\\\/entrevistes\\\/\",\"url\":\"https:\\\/\\\/www.cercledecultura.org\\\/ca\\\/entrevistes\\\/\",\"name\":\"Entrevistes - Cercle de Cultura\",\"isPartOf\":{\"@id\":\"https:\\\/\\\/www.cercledecultura.org\\\/ca\\\/#website\"},\"datePublished\":\"2022-10-27T18:29:47+00:00\",\"dateModified\":\"2022-10-27T19:02:33+00:00\",\"breadcrumb\":{\"@id\":\"https:\\\/\\\/www.cercledecultura.org\\\/ca\\\/entrevistes\\\/#breadcrumb\"},\"inLanguage\":\"ca\",\"potentialAction\":[{\"@type\":\"ReadAction\",\"target\":[\"https:\\\/\\\/www.cercledecultura.org\\\/ca\\\/entrevistes\\\/\"]}]},{\"@type\":\"BreadcrumbList\",\"@id\":\"https:\\\/\\\/www.cercledecultura.org\\\/ca\\\/entrevistes\\\/#breadcrumb\",\"itemListElement\":[{\"@type\":\"ListItem\",\"position\":1,\"name\":\"Portada\",\"item\":\"https:\\\/\\\/www.cercledecultura.org\\\/ca\\\/\"},{\"@type\":\"ListItem\",\"position\":2,\"name\":\"Entrevistes\"}]},{\"@type\":\"WebSite\",\"@id\":\"https:\\\/\\\/www.cercledecultura.org\\\/ca\\\/#website\",\"url\":\"https:\\\/\\\/www.cercledecultura.org\\\/ca\\\/\",\"name\":\"Cercle de Cultura\",\"description\":\"Entitat de car\u00e0cter privat i associatiu, independent, amb voluntat de participar en la vida p\u00fablica des de la pluralitat ideol\u00f2gica dels seus membres fundadors i futurs associats\",\"publisher\":{\"@id\":\"https:\\\/\\\/www.cercledecultura.org\\\/ca\\\/#organization\"},\"potentialAction\":[{\"@type\":\"SearchAction\",\"target\":{\"@type\":\"EntryPoint\",\"urlTemplate\":\"https:\\\/\\\/www.cercledecultura.org\\\/ca\\\/?s={search_term_string}\"},\"query-input\":{\"@type\":\"PropertyValueSpecification\",\"valueRequired\":true,\"valueName\":\"search_term_string\"}}],\"inLanguage\":\"ca\"},{\"@type\":\"Organization\",\"@id\":\"https:\\\/\\\/www.cercledecultura.org\\\/ca\\\/#organization\",\"name\":\"Cercle de Cultura\",\"url\":\"https:\\\/\\\/www.cercledecultura.org\\\/ca\\\/\",\"logo\":{\"@type\":\"ImageObject\",\"inLanguage\":\"ca\",\"@id\":\"https:\\\/\\\/www.cercledecultura.org\\\/ca\\\/#\\\/schema\\\/logo\\\/image\\\/\",\"url\":\"https:\\\/\\\/www.cercledecultura.org\\\/wp-content\\\/uploads\\\/2020\\\/01\\\/logo-cercle-de-cultura.png\",\"contentUrl\":\"https:\\\/\\\/www.cercledecultura.org\\\/wp-content\\\/uploads\\\/2020\\\/01\\\/logo-cercle-de-cultura.png\",\"width\":350,\"height\":195,\"caption\":\"Cercle de Cultura\"},\"image\":{\"@id\":\"https:\\\/\\\/www.cercledecultura.org\\\/ca\\\/#\\\/schema\\\/logo\\\/image\\\/\"}}]}<\/script>\n<!-- \/ Yoast SEO plugin. -->","yoast_head_json":{"title":"Entrevistes - Cercle de Cultura","robots":{"index":"index","follow":"follow","max-snippet":"max-snippet:-1","max-image-preview":"max-image-preview:large","max-video-preview":"max-video-preview:-1"},"canonical":"https:\/\/www.cercledecultura.org\/ca\/entrevistes\/","og_locale":"ca_ES","og_type":"article","og_title":"Entrevistes - Cercle de Cultura","og_description":"Entrevistes","og_url":"https:\/\/www.cercledecultura.org\/ca\/entrevistes\/","og_site_name":"Cercle de Cultura","article_modified_time":"2022-10-27T19:02:33+00:00","twitter_card":"summary_large_image","twitter_misc":{"Temps estimat de lectura":"1 minut"},"schema":{"@context":"https:\/\/schema.org","@graph":[{"@type":"WebPage","@id":"https:\/\/www.cercledecultura.org\/ca\/entrevistes\/","url":"https:\/\/www.cercledecultura.org\/ca\/entrevistes\/","name":"Entrevistes - Cercle de Cultura","isPartOf":{"@id":"https:\/\/www.cercledecultura.org\/ca\/#website"},"datePublished":"2022-10-27T18:29:47+00:00","dateModified":"2022-10-27T19:02:33+00:00","breadcrumb":{"@id":"https:\/\/www.cercledecultura.org\/ca\/entrevistes\/#breadcrumb"},"inLanguage":"ca","potentialAction":[{"@type":"ReadAction","target":["https:\/\/www.cercledecultura.org\/ca\/entrevistes\/"]}]},{"@type":"BreadcrumbList","@id":"https:\/\/www.cercledecultura.org\/ca\/entrevistes\/#breadcrumb","itemListElement":[{"@type":"ListItem","position":1,"name":"Portada","item":"https:\/\/www.cercledecultura.org\/ca\/"},{"@type":"ListItem","position":2,"name":"Entrevistes"}]},{"@type":"WebSite","@id":"https:\/\/www.cercledecultura.org\/ca\/#website","url":"https:\/\/www.cercledecultura.org\/ca\/","name":"Cercle de Cultura","description":"Entitat de car\u00e0cter privat i associatiu, independent, amb voluntat de participar en la vida p\u00fablica des de la pluralitat ideol\u00f2gica dels seus membres fundadors i futurs associats","publisher":{"@id":"https:\/\/www.cercledecultura.org\/ca\/#organization"},"potentialAction":[{"@type":"SearchAction","target":{"@type":"EntryPoint","urlTemplate":"https:\/\/www.cercledecultura.org\/ca\/?s={search_term_string}"},"query-input":{"@type":"PropertyValueSpecification","valueRequired":true,"valueName":"search_term_string"}}],"inLanguage":"ca"},{"@type":"Organization","@id":"https:\/\/www.cercledecultura.org\/ca\/#organization","name":"Cercle de Cultura","url":"https:\/\/www.cercledecultura.org\/ca\/","logo":{"@type":"ImageObject","inLanguage":"ca","@id":"https:\/\/www.cercledecultura.org\/ca\/#\/schema\/logo\/image\/","url":"https:\/\/www.cercledecultura.org\/wp-content\/uploads\/2020\/01\/logo-cercle-de-cultura.png","contentUrl":"https:\/\/www.cercledecultura.org\/wp-content\/uploads\/2020\/01\/logo-cercle-de-cultura.png","width":350,"height":195,"caption":"Cercle de Cultura"},"image":{"@id":"https:\/\/www.cercledecultura.org\/ca\/#\/schema\/logo\/image\/"}}]}},"_links":{"self":[{"href":"https:\/\/www.cercledecultura.org\/ca\/wp-json\/wp\/v2\/pages\/2670","targetHints":{"allow":["GET"]}}],"collection":[{"href":"https:\/\/www.cercledecultura.org\/ca\/wp-json\/wp\/v2\/pages"}],"about":[{"href":"https:\/\/www.cercledecultura.org\/ca\/wp-json\/wp\/v2\/types\/page"}],"author":[{"embeddable":true,"href":"https:\/\/www.cercledecultura.org\/ca\/wp-json\/wp\/v2\/users\/2"}],"replies":[{"embeddable":true,"href":"https:\/\/www.cercledecultura.org\/ca\/wp-json\/wp\/v2\/comments?post=2670"}],"version-history":[{"count":4,"href":"https:\/\/www.cercledecultura.org\/ca\/wp-json\/wp\/v2\/pages\/2670\/revisions"}],"predecessor-version":[{"id":2676,"href":"https:\/\/www.cercledecultura.org\/ca\/wp-json\/wp\/v2\/pages\/2670\/revisions\/2676"}],"wp:attachment":[{"href":"https:\/\/www.cercledecultura.org\/ca\/wp-json\/wp\/v2\/media?parent=2670"}],"curies":[{"name":"wp","href":"https:\/\/api.w.org\/{rel}","templated":true}]}}