{"version":"1.0","provider_name":"Cercle de Cultura","provider_url":"https:\/\/www.cercledecultura.org\/ca\/","title":"La cultura a Catalunya, en retallada permanent. - Cercle de Cultura","type":"rich","width":600,"height":338,"html":"<blockquote class=\"wp-embedded-content\" data-secret=\"sYLASbtahO\"><a href=\"https:\/\/www.cercledecultura.org\/ca\/cultura_catalunya_retallada_permanent\/\">La cultura a Catalunya, en retallada permanent.<\/a><\/blockquote><iframe sandbox=\"allow-scripts\" security=\"restricted\" src=\"https:\/\/www.cercledecultura.org\/ca\/cultura_catalunya_retallada_permanent\/embed\/#?secret=sYLASbtahO\" width=\"600\" height=\"338\" title=\"&#8220;La cultura a Catalunya, en retallada permanent.&#8221; &#8212; Cercle de Cultura\" data-secret=\"sYLASbtahO\" frameborder=\"0\" marginwidth=\"0\" marginheight=\"0\" scrolling=\"no\" class=\"wp-embedded-content\"><\/iframe><script>\n\/*! This file is auto-generated *\/\n!function(d,l){\"use strict\";l.querySelector&&d.addEventListener&&\"undefined\"!=typeof URL&&(d.wp=d.wp||{},d.wp.receiveEmbedMessage||(d.wp.receiveEmbedMessage=function(e){var t=e.data;if((t||t.secret||t.message||t.value)&&!\/[^a-zA-Z0-9]\/.test(t.secret)){for(var s,r,n,a=l.querySelectorAll('iframe[data-secret=\"'+t.secret+'\"]'),o=l.querySelectorAll('blockquote[data-secret=\"'+t.secret+'\"]'),c=new RegExp(\"^https?:$\",\"i\"),i=0;i<o.length;i++)o[i].style.display=\"none\";for(i=0;i<a.length;i++)s=a[i],e.source===s.contentWindow&&(s.removeAttribute(\"style\"),\"height\"===t.message?(1e3<(r=parseInt(t.value,10))?r=1e3:~~r<200&&(r=200),s.height=r):\"link\"===t.message&&(r=new URL(s.getAttribute(\"src\")),n=new URL(t.value),c.test(n.protocol))&&n.host===r.host&&l.activeElement===s&&(d.top.location.href=t.value))}},d.addEventListener(\"message\",d.wp.receiveEmbedMessage,!1),l.addEventListener(\"DOMContentLoaded\",function(){for(var e,t,s=l.querySelectorAll(\"iframe.wp-embedded-content\"),r=0;r<s.length;r++)(t=(e=s[r]).getAttribute(\"data-secret\"))||(t=Math.random().toString(36).substring(2,12),e.src+=\"#?secret=\"+t,e.setAttribute(\"data-secret\",t)),e.contentWindow.postMessage({message:\"ready\",secret:t},\"*\")},!1)))}(window,document);\n\/\/# sourceURL=https:\/\/www.cercledecultura.org\/wp-includes\/js\/wp-embed.min.js\n<\/script>\n","thumbnail_url":"https:\/\/www.cercledecultura.org\/wp-content\/uploads\/2021\/02\/3nLjp2Oa020eiqBNjYG1w.jpg","thumbnail_width":600,"thumbnail_height":327,"description":"Arran del manifest signat aquesta tardor per 4 associacions de professionals de la cultura, cr\u00edtic amb la retallada del pressupost de cultura decretat pel Govern, dos membres de l'Associaci\u00f3 de Muse\u00f2legs de Catalunya, fan una reflexi\u00f3 m\u00e9s general sobre la situaci\u00f3 del finan\u00e7ament p\u00fablic de la cultura al nostre pa\u00eds."}