{"version":"1.0","provider_name":"Cercle de Cultura","provider_url":"https:\/\/www.cercledecultura.org\/ca\/","title":"Una aproximaci\u00f3 a les recents pol\u00edtiques culturals locals a Catalunya - Cercle de Cultura","type":"rich","width":600,"height":338,"html":"<blockquote class=\"wp-embedded-content\" data-secret=\"CA8iCrMQoC\"><a href=\"https:\/\/www.cercledecultura.org\/ca\/148\/\">Una aproximaci\u00f3 a les recents pol\u00edtiques culturals locals a Catalunya<\/a><\/blockquote><iframe sandbox=\"allow-scripts\" security=\"restricted\" src=\"https:\/\/www.cercledecultura.org\/ca\/148\/embed\/#?secret=CA8iCrMQoC\" width=\"600\" height=\"338\" title=\"&#8220;Una aproximaci\u00f3 a les recents pol\u00edtiques culturals locals a Catalunya&#8221; &#8212; Cercle de Cultura\" data-secret=\"CA8iCrMQoC\" frameborder=\"0\" marginwidth=\"0\" marginheight=\"0\" scrolling=\"no\" class=\"wp-embedded-content\"><\/iframe><script>\n\/*! This file is auto-generated *\/\n!function(d,l){\"use strict\";l.querySelector&&d.addEventListener&&\"undefined\"!=typeof URL&&(d.wp=d.wp||{},d.wp.receiveEmbedMessage||(d.wp.receiveEmbedMessage=function(e){var t=e.data;if((t||t.secret||t.message||t.value)&&!\/[^a-zA-Z0-9]\/.test(t.secret)){for(var s,r,n,a=l.querySelectorAll('iframe[data-secret=\"'+t.secret+'\"]'),o=l.querySelectorAll('blockquote[data-secret=\"'+t.secret+'\"]'),c=new RegExp(\"^https?:$\",\"i\"),i=0;i<o.length;i++)o[i].style.display=\"none\";for(i=0;i<a.length;i++)s=a[i],e.source===s.contentWindow&&(s.removeAttribute(\"style\"),\"height\"===t.message?(1e3<(r=parseInt(t.value,10))?r=1e3:~~r<200&&(r=200),s.height=r):\"link\"===t.message&&(r=new URL(s.getAttribute(\"src\")),n=new URL(t.value),c.test(n.protocol))&&n.host===r.host&&l.activeElement===s&&(d.top.location.href=t.value))}},d.addEventListener(\"message\",d.wp.receiveEmbedMessage,!1),l.addEventListener(\"DOMContentLoaded\",function(){for(var e,t,s=l.querySelectorAll(\"iframe.wp-embedded-content\"),r=0;r<s.length;r++)(t=(e=s[r]).getAttribute(\"data-secret\"))||(t=Math.random().toString(36).substring(2,12),e.src+=\"#?secret=\"+t,e.setAttribute(\"data-secret\",t)),e.contentWindow.postMessage({message:\"ready\",secret:t},\"*\")},!1)))}(window,document);\n\/\/# sourceURL=https:\/\/www.cercledecultura.org\/wp-includes\/js\/wp-embed.min.js\n<\/script>\n","thumbnail_url":"https:\/\/www.cercledecultura.org\/wp-content\/uploads\/2021\/02\/hiYn0tNRqkCKsEp4SCwRbw.jpg","thumbnail_width":460,"thumbnail_height":307,"description":"Fa pocs dies finalitzava Interacci\u00f3 2015 \"Repensant les pol\u00edtiques culturals locals\", organitzat pel CREC de la Diputaci\u00f3 de Barcelona. Un dels ponents, Llu\u00eds Noguera, director del CosmoCaixa, ha escrit un detallat an\u00e0lisi de l'evoluci\u00f3 de les poltiques culturals impulsades pels ajuntaments catalans a partir de la recuperaci\u00f3 democr\u00e0tica; juntament amb el paper jugat a nivell local per altres administracions p\u00fabliques com la Diputaci\u00f3 de Barcelona o la mateixa Generalitat de Catalunya"}