{"version":"1.0","provider_name":"Cercle de Cultura","provider_url":"https:\/\/www.cercledecultura.org\/ca\/","title":"Debat tem\u00e0tic: conviv\u00e8ncia i jerarquia a la Catalunya Moderna - Cercle de Cultura","type":"rich","width":600,"height":338,"html":"<blockquote class=\"wp-embedded-content\" data-secret=\"BeKGG7Izjz\"><a href=\"https:\/\/www.cercledecultura.org\/ca\/131\/\">Debat tem\u00e0tic: conviv\u00e8ncia i jerarquia a la Catalunya Moderna<\/a><\/blockquote><iframe sandbox=\"allow-scripts\" security=\"restricted\" src=\"https:\/\/www.cercledecultura.org\/ca\/131\/embed\/#?secret=BeKGG7Izjz\" width=\"600\" height=\"338\" title=\"&#8220;Debat tem\u00e0tic: conviv\u00e8ncia i jerarquia a la Catalunya Moderna&#8221; &#8212; Cercle de Cultura\" data-secret=\"BeKGG7Izjz\" frameborder=\"0\" marginwidth=\"0\" marginheight=\"0\" scrolling=\"no\" class=\"wp-embedded-content\"><\/iframe><script>\n\/*! This file is auto-generated *\/\n!function(d,l){\"use strict\";l.querySelector&&d.addEventListener&&\"undefined\"!=typeof URL&&(d.wp=d.wp||{},d.wp.receiveEmbedMessage||(d.wp.receiveEmbedMessage=function(e){var t=e.data;if((t||t.secret||t.message||t.value)&&!\/[^a-zA-Z0-9]\/.test(t.secret)){for(var s,r,n,a=l.querySelectorAll('iframe[data-secret=\"'+t.secret+'\"]'),o=l.querySelectorAll('blockquote[data-secret=\"'+t.secret+'\"]'),c=new RegExp(\"^https?:$\",\"i\"),i=0;i<o.length;i++)o[i].style.display=\"none\";for(i=0;i<a.length;i++)s=a[i],e.source===s.contentWindow&&(s.removeAttribute(\"style\"),\"height\"===t.message?(1e3<(r=parseInt(t.value,10))?r=1e3:~~r<200&&(r=200),s.height=r):\"link\"===t.message&&(r=new URL(s.getAttribute(\"src\")),n=new URL(t.value),c.test(n.protocol))&&n.host===r.host&&l.activeElement===s&&(d.top.location.href=t.value))}},d.addEventListener(\"message\",d.wp.receiveEmbedMessage,!1),l.addEventListener(\"DOMContentLoaded\",function(){for(var e,t,s=l.querySelectorAll(\"iframe.wp-embedded-content\"),r=0;r<s.length;r++)(t=(e=s[r]).getAttribute(\"data-secret\"))||(t=Math.random().toString(36).substring(2,12),e.src+=\"#?secret=\"+t,e.setAttribute(\"data-secret\",t)),e.contentWindow.postMessage({message:\"ready\",secret:t},\"*\")},!1)))}(window,document);\n\/\/# sourceURL=https:\/\/www.cercledecultura.org\/wp-includes\/js\/wp-embed.min.js\n<\/script>\n","thumbnail_url":"https:\/\/www.cercledecultura.org\/wp-content\/uploads\/2021\/02\/KGChsBXn8EODcpwa30jupQ.png","thumbnail_width":1071,"thumbnail_height":530,"description":"El Cercle de Cultura va organitzar el 4 de desembre de 2014 un debat tem\u00e0tic sota el t\u00edtol:\u00a0Conviv\u00e8ncia i jerarquia a la Catalunya moderna. El ponent principal de la sessi\u00f3 va ser en\u00a0Llu\u00eds Cabrera, Fundador i President del Taller de M\u00fasics. Un cop finalitzada la pon\u00e8ncia,\u00a0Vicent Sanchis,\u00a0professor de la Facultat de Ci\u00e8ncies de la Comunicaci\u00f3 de la\u00a0Universitat Ramon Llull de Barcelona i\u00a0vicepresident d'\u00d2mnium Cultural, va exercir de contraponent."}